{"id":64,"date":"2013-05-30T11:52:18","date_gmt":"2013-05-30T10:52:18","guid":{"rendered":"http:\/\/aia-cts.web.ua.pt\/?page_id=64"},"modified":"2026-03-03T10:51:44","modified_gmt":"2026-03-03T10:51:44","slug":"premio-cts","status":"publish","type":"page","link":"https:\/\/aia-cts.web.ua.pt\/?page_id=64","title":{"rendered":"Pr\u00e9mio AIA-CTS"},"content":{"rendered":"\n<p><b>Associa\u00e7\u00e3o Ibero-Americana CTS na Educa\u00e7\u00e3o em Ci\u00eancia<\/b><\/p>\n\n\n\n<p><a href=\"http:\/\/aia-cts.web.ua.pt\/?page_id=85\" target=\"_blank\" rel=\"noopener noreferrer\">ver formul\u00e1rio de candidatura<\/a><\/p>\n\n\n\n<p><b><i>Pr\u00e9mio AIA-CTS &#8211;<\/i><\/b><b>&nbsp;Tese de Doutoramento ou Disserta\u00e7\u00e3o de Mestrado<\/b><\/p>\n\n\n\n<p>Com a atribui\u00e7\u00e3o do&nbsp;<b><i>Pr\u00e9mio AIA CTS&nbsp;<\/i><\/b>pretende-se distinguir a melhor Tese de Doutoramento ou Disserta\u00e7\u00e3o de Mestrado na \u00e1rea da educa\u00e7\u00e3o CTS, publicada em Portugu\u00eas, Castelhano, Catal\u00e3o ou Galego, de entre as submetidas. Em cada Semin\u00e1rio CTS ser\u00e3o anunciados os vencedores com trabalhos conclu\u00eddos nos dois anos anteriores.<\/p>\n\n\n\n<p>O concurso ao Pr\u00e9mio AIA-CTS obedece ao seguinte regulamento.<\/p>\n\n\n\n<p><b>Regulamento Geral<\/b><\/p>\n\n\n\n<p><b>\u00c2mbito<\/b><\/p>\n\n\n\n<p>O pr\u00e9mio AIA-CTS \u00e9 atribu\u00eddo ao melhor trabalho de Disserta\u00e7\u00e3o de Mestrado e \/ ou Tese de Doutoramento, desenvolvido no \u00e2mbito da \u00e1rea cient\u00edfica \u201cCTS na Educa\u00e7\u00e3o \/ Ensino das Ci\u00eancias\u201d. Pretende-se estimular a inova\u00e7\u00e3o e a cria\u00e7\u00e3o de conhecimento cient\u00edfico que contribua para o aprofundamento e consolida\u00e7\u00e3o desta \u00e1rea. Pretende-se, ainda, com esta distin\u00e7\u00e3o, proceder \u00e0 divulga\u00e7\u00e3o de trabalhos cient\u00edficos de elevada qualidade.<\/p>\n\n\n\n<p>O pr\u00e9mio AIA-CTS consta de um Diploma de M\u00e9rito, da oferta da inscri\u00e7\u00e3o no Semin\u00e1rio Ibero-americano seguinte e de convite \u00e0 apresenta\u00e7\u00e3o do trabalho nesse Semin\u00e1rio, na forma de comunica\u00e7\u00e3o oral.&nbsp;A partir da edi\u00e7\u00e3o 2020, ao autor de cada trabalho premiado ser\u00e1 atribu\u00eddo uma compensa\u00e7\u00e3o monet\u00e1ria de 500 Euros.<\/p>\n\n\n\n<p>Ao orientador (e coorientador, se o houver) \u00e9 atribu\u00eddo um Diploma de M\u00e9rito.<\/p>\n\n\n\n<p>A atribui\u00e7\u00e3o do pr\u00e9mio rege-se pelo seguinte regulamento:<\/p>\n\n\n\n<p><b>1.<\/b>&nbsp;<b>Apresenta\u00e7\u00e3o de Candidaturas<\/b><\/p>\n\n\n\n<p>1.1. O prazo de apresenta\u00e7\u00e3o de candidaturas \u00e9 at\u00e9 ao dia 31 de janeiro de cada ano civil, sendo publicitada a sua abertura no s\u00edtio Web da AIA-CTS (<a href=\"http:\/\/aia-cts.web.ua.pt\/\">http:\/\/aia-cts.web.ua.pt\/<\/a>), no m\u00eas de dezembro anterior.<\/p>\n\n\n\n<p>1.2. S\u00e3o admitidas a concurso teses e disserta\u00e7\u00f5es originais, conclu\u00eddas nos dois anos anteriores \u00e0 data de apresenta\u00e7\u00e3o das candidaturas ao Pr\u00e9mio AIA-CTS.<\/p>\n\n\n\n<p>1.3. S\u00e3o admitidas teses e disserta\u00e7\u00f5es publicadas em Portugu\u00eas, Castelhano, Catal\u00e3o ou Galego.<\/p>\n\n\n\n<p>1.4. S\u00e3o admitidas candidaturas, exclusivamente, teses desenvolvidas e ou orientadas\/co-orientadas por associados da AIA-CTS.<\/p>\n\n\n\n<p>1.5. A candidatura dever\u00e1 ser formalizada preenchendo o formul\u00e1rio pr\u00f3prio dispon\u00edvel em:&nbsp;<a href=\"http:\/\/aia-cts.web.ua.pt\/\">http:\/\/aia-cts.web.ua.pt\/<\/a> e com o envio da informa\u00e7\u00e3o para o email <a href=\"mailto:de-aia-cts@ua.pt\" target=\"_blank\" rel=\"noopener noreferrer\">de-aia-cts@ua.pt<\/a>.<\/p>\n\n\n\n<p><b>2.<\/b>&nbsp;<b>Documentos para candidatura ao concurso<\/b><\/p>\n\n\n\n<p>2.1. Formul\u00e1rio de candidatura online (<a href=\"http:\/\/aia-cts.web.ua.pt\/\">http:\/\/aia-cts.web.ua.pt\/<\/a>) e envio da mesma informa\u00e7\u00e3o para o email <a href=\"mailto:de-aia-cts@ua.pt\" target=\"_blank\" rel=\"noopener noreferrer\">de-aia-cts@ua.pt<\/a>.<\/p>\n\n\n\n<p>2.2. Disserta\u00e7\u00e3o de Mestrado ou Tese de Doutoramento em formato PDF (texto completo);<\/p>\n\n\n\n<p>2.3. Lista de Publica\u00e7\u00f5es aceites ou submetidas resultantes do trabalho desenvolvido, com as respetivas refer\u00eancias completas (em formato PDF);<\/p>\n\n\n\n<p>2.4.&nbsp;<b><i>Curriculum Vitae<\/i><\/b>&nbsp;do autor e Orientador(es) (em formato PDF);<\/p>\n\n\n\n<p>2.5. Digitaliza\u00e7\u00e3o do certificado de conclus\u00e3o do grau (em formato PDF).<\/p>\n\n\n\n<p><b>3.<\/b>&nbsp;<b>Constitui\u00e7\u00e3o do J\u00fari e Avalia\u00e7\u00e3o dos trabalhos<\/b><\/p>\n\n\n\n<p>3.1. O J\u00fari \u00e9 designado pela Direc\u00e7\u00e3o da AIA-CTS e \u00e9 constitu\u00eddo, pelo menos, por quatro membros doutorados, de reconhecido prest\u00edgio cient\u00edfico na \u00e1rea.<\/p>\n\n\n\n<p>3.2. Os crit\u00e9rios gerais que presidem \u00e0 an\u00e1lise das disserta\u00e7\u00f5es e teses s\u00e3o a qualidade cient\u00edfica e a originalidade, operacionalizados atrav\u00e9s de crit\u00e9rios espec\u00edficos publicitados no site da AIA-CTS.<\/p>\n\n\n\n<p>3.3 As decis\u00f5es do J\u00fari s\u00e3o tomadas por maioria.<\/p>\n\n\n\n<p>3.4. As decis\u00f5es do J\u00fari s\u00e3o soberanas, delas n\u00e3o havendo lugar a recurso.<\/p>\n\n\n\n<p>3.5. O J\u00fari pode tomar a decis\u00e3o de n\u00e3o atribuir o Pr\u00e9mio ou decidir a sua atribui\u00e7\u00e3o&nbsp;<b><i>ex aequo&nbsp;<\/i><\/b>a dois trabalhos concorrentes.<\/p>\n\n\n\n<p><b>4.<\/b>&nbsp;<b>An\u00fancio e entrega do Pr\u00e9mio<\/b><\/p>\n\n\n\n<p>4.1. O(s) premiado(s) e o trabalho(s) vencedor(es) s\u00e3o divulgados publicamente no Semin\u00e1rio Ibero-americano CTS respeitante \u00e0 data do concurso, no s\u00edtio Web da AIA-CTS e nos meios de comunica\u00e7\u00e3o social adequados.<\/p>\n\n\n\n<p>4.2. A partir da edi\u00e7\u00e3o de 2020, inclusive, associado ao Diploma de m\u00e9rito ser\u00e1 entregue compensa\u00e7\u00e3o monet\u00e1ria no valor de 500 euros a cada trabalho premiado.<\/p>\n\n\n\n<p><b>5.<\/b>&nbsp;<b>Esclarecimentos Adicionais<\/b><\/p>\n\n\n\n<p>5.1. Pedidos de informa\u00e7\u00e3o ou esclarecimentos adicionais podem ser solicitados \u00e0 dire\u00e7\u00e3o da AIA-CTS.<\/p>\n\n\n\n<p><b>J\u00fari de Avaliadores (2014)<\/b><\/p>\n\n\n\n<ul class=\"wp-block-list\">\n<li>Isabel P. Martins, Universidade de Aveiro &#8211; Portugal<\/li>\n\n\n\n<li>Andoni Garritz, Universidade Nacional Aut\u00f3noma de M\u00e9xico &#8211; M\u00e9xico<\/li>\n\n\n\n<li>Wildson Pereira dos Santos, Universidade de Bras\u00edlia &#8211; Brasil<\/li>\n\n\n\n<li>Rosa Nidia Tuay Sigua, Universidade Pedag\u00f3gica Nacional &#8211; Col\u00f4mbia<\/li>\n<\/ul>\n\n\n\n<p><strong>J\u00fari de Avaliadores (2016)<\/strong><\/p>\n\n\n\n<ul class=\"wp-block-list\">\n<li>Isabel P. Martins, Universidade de Aveiro \u2013 Portugal<\/li>\n\n\n\n<li>\u00c1ngel V\u00e1zquez Alonso, Universidad de las Islas Baleares \u2013 Espanha<\/li>\n\n\n\n<li>Agustina R. Echeverr\u00eda, Universidade Federal de Goi\u00e1s \u2013 Brasil<\/li>\n\n\n\n<li>Rosa Nidia Tuay Sigua, Universidade Pedag\u00f3gica Nacional \u2013 Col\u00f4mbia<\/li>\n<\/ul>\n\n\n\n<p><strong>J\u00fari de Avaliadores (2018)<\/strong><\/p>\n\n\n\n<ul class=\"wp-block-list\">\n<li>Isabel P. Martins, Universidade de Aveiro \u2013 Portugal<\/li>\n\n\n\n<li>\u00c1ngel V\u00e1zquez Alonso, Universidad de las Islas Baleares \u2013 Espanha<\/li>\n\n\n\n<li>Rosa Nidia Tuay Sigua, Universidade Pedag\u00f3gica Nacional \u2013 Col\u00f4mbia<\/li>\n\n\n\n<li>M. Arminda Pedrosa, Universidade de Coimbra \u2013 Portugal<\/li>\n\n\n\n<li>Mayra Garc\u00eda Ru\u00edz, Universidad Nacional Aut\u00f3noma do M\u00e9xico &#8211; M\u00e9xico<\/li>\n\n\n\n<li>\u00c1lvaro Chrispino, Universidade Federal do Rio de Janeiro &#8211; Brasil<\/li>\n<\/ul>\n\n\n\n<p><strong>J\u00fari de Avaliadores (2020)<\/strong><\/p>\n\n\n\n<ul class=\"wp-block-list\">\n<li>Isabel P. Martins (Presidente do J\u00fari), Universidade de Aveiro \u2013 Portugal<\/li>\n\n\n\n<li>Ana O\u00f1orbe, Instituto Ense\u00f1anza Secundaria Damaso Alonso \u2013 Espa\u00f1a<\/li>\n\n\n\n<li>\u00c1ngel V\u00e1zquez Alonso, Universidad de las Islas Baleares \u2013 Espa\u00f1a<\/li>\n\n\n\n<li>Aureli Caama\u00f1o, Col.legi Oficial de Doctors i Llicenciats en Filosofia i Lletres i en Ci\u00e8ncies de Catalunya \u2013 Espa\u00f1a<\/li>\n\n\n\n<li>Isabel Sofia Rebelo, Instituto Polit\u00e9cnico de Leiria &#8211; Portugal<\/li>\n\n\n\n<li>Jos\u00e9 Cant\u00f3, Universitat de Val\u00e8ncia &#8211; Espa\u00f1a<\/li>\n\n\n\n<li>Jos\u00e9 de Pinho Alves Filho, Universidade Federal de Santa Catarina &#8211; Brasil<\/li>\n\n\n\n<li>M. Arminda Pedrosa, Universidade de Coimbra \u2013 Portugal<\/li>\n\n\n\n<li>Maria Delourdes Maciel, Universidade Cruzeiro do Sul &#8211; Brasil<\/li>\n\n\n\n<li>Rosa Nidia Tuay Sigua, Universidad Pedag\u00f3gica Nacional \u2013 Colombia<\/li>\n\n\n\n<li>Saulo Hermosillo Marina, Universidad Nacional Aut\u00f3noma de M\u00e9xico &#8211; M\u00e9xico<\/li>\n\n\n\n<li>S\u00edlvia Porro, Universidad Nacional de Quilmes &#8211; Argentina<\/li>\n\n\n\n<li>Valter Cesar Montanher, Instituto Federal de Educa\u00e7\u00e3o, Ci\u00eancia e Tecnologia de S\u00e3o Paulo &#8211; Brasil<\/li>\n<\/ul>\n\n\n\n<p><strong>J\u00fari de Avaliadores (2022)<\/strong><\/p>\n\n\n\n<ul class=\"wp-block-list\">\n<li>Isabel P. Martins (Presidente do J\u00fari), Universidade de Aveiro \u2013 Portugal<\/li>\n\n\n\n<li>Rosa Nidia Tuay Sigua, Universidad Pedag\u00f3gica Nacional \u2013 Colombia<\/li>\n\n\n\n<li>\u00c1ngel V\u00e1zquez Alonso, Universidad de las Islas Baleares \u2013 Espa\u00f1a<\/li>\n\n\n\n<li>M. Arminda Pedrosa, Universidade de Coimbra \u2013 Portugal<\/li>\n\n\n\n<li>Valter Cesar Montanher, Instituto Federal de Educa\u00e7\u00e3o, Ci\u00eancia e Tecnologia de S\u00e3o Paulo \u2013 Brasil<\/li>\n\n\n\n<li>Carlos Os\u00f3rio,\u00a0Universidad del Valle \u2013 Colombia<\/li>\n\n\n\n<li>M\u00f3nica Herrero, Universidade de Oviedo \u2013 Espa\u00f1a<\/li>\n\n\n\n<li>Isabel Sofia Rebelo, Instituto Polit\u00e9cnico de Leiria \u2013 Portugal<\/li>\n\n\n\n<li>Neusa Scheid, Universidade Regional Integrada do Alto Uruguai e das Miss\u00f5es \u2013 Brasil<\/li>\n\n\n\n<li>Saulo Hermosillo Marina, Universidad Nacional Aut\u00f3noma de M\u00e9xico \u2013 M\u00e9xico<\/li>\n<\/ul>\n\n\n\n<p><strong>J\u00fari de Avaliadores (2024)<\/strong><\/p>\n\n\n\n<ul class=\"wp-block-list\">\n<li>Isabel P. Martins (Presidente do J\u00fari), Universidade de Aveiro \u2013 Portugal<\/li>\n\n\n\n<li>Rosa Nidia Tuay Sigua, Universidad Pedag\u00f3gica Nacional \u2013 Colombia<\/li>\n\n\n\n<li>\u00c1ngel V\u00e1zquez Alonso, Universidad de las Islas Baleares \u2013 Espa\u00f1a<\/li>\n\n\n\n<li>Carla Morais, Universidade do Porto &#8211; Portugal<\/li>\n\n\n\n<li>Jorge Bonito, Universidade de \u00c9vora &#8211; Portugal<\/li>\n\n\n\n<li>M\u00f3nica Herrero, Universidade de Oviedo \u2013 Espa\u00f1a<\/li>\n\n\n\n<li>Isabel Sofia Rebelo, Instituto Polit\u00e9cnico de Leiria &#8211; Portugal<\/li>\n\n\n\n<li>Neusa Scheid, Universidade Regional Integrada do Alto Uruguai e das Miss\u00f5es &#8211; Brasil<\/li>\n\n\n\n<li>Saulo Hermosillo Marina, Universidade Nacional Aut\u00f3noma de M\u00e9xico \u2013 M\u00e9xico<\/li>\n\n\n\n<li>Blanca Puig, Universidade de Santiago de Compostela &#8211; Espa\u00f1a<\/li>\n\n\n\n<li>Aureli Caama\u00f1o, Sociedad Catalana de Qu\u00edmica &#8211; Espa\u00f1a<\/li>\n\n\n\n<li>Valter Cesar Montanher, Instituto Federal de Educa\u00e7\u00e3o, Ci\u00eancia e Tecnologia de S\u00e3o Paulo \u2013 Brasil<\/li>\n<\/ul>\n\n\n\n<p>5.2 O j\u00fari de cada edi\u00e7\u00e3o define a metodologia de trabalho a seguir, prazos e formas de apresenta\u00e7\u00e3o dos resultados da avalia\u00e7\u00e3o. Cada um dos avaliadores poder\u00e1 solicitar o apoio de outros especialistas para an\u00e1lise dos trabalhos ou parte deles, de acordo com \u00e1reas espec\u00edficas.<\/p>\n\n\n\n<p>5.3 O j\u00fari de cada edi\u00e7\u00e3o \u00e9 constitu\u00eddo por convite da Dire\u00e7\u00e3o da AIA-CTS, depois de ouvida a Comiss\u00e3o Executiva.<\/p>\n\n\n\n<p><strong>Crit\u00e9rios de Aprecia\u00e7\u00e3o da Qualidade Cient\u00edfica e Originalidade das Teses e Disserta\u00e7\u00f5es:<\/strong><\/p>\n\n\n\n<p>1. &nbsp;Avan\u00e7os \/ Contributos para a Educa\u00e7\u00e3o CTS no Ensino das Ci\u00eancias<\/p>\n\n\n\n<p>2. Originalidade da tem\u00e1tica<\/p>\n\n\n\n<p>3.Impacte na comunidade cient\u00edfica: divulga\u00e7\u00e3o \/ publica\u00e7\u00f5es decorrentes do estudo<\/p>\n\n\n\n<p>4. Qualidade da Organiza\u00e7\u00e3o Geral e Estilo da escrita.<\/p>\n\n\n\n<p><a href=\"http:\/\/aia-cts.web.ua.pt\/?page_id=85\" target=\"_blank\" rel=\"noopener noreferrer\">ver formul\u00e1rio de candidatura<\/a><\/p>\n\n\n\n<p><a href=\"http:\/\/aia-cts.web.ua.pt\/wp-content\/uploads\/2026\/03\/PremioAIA_CTS_25abril.pdf\" data-type=\"link\" data-id=\"http:\/\/aia-cts.web.ua.pt\/wp-content\/uploads\/2026\/03\/PremioAIA_CTS_25abril.pdf\" target=\"_blank\" rel=\"noreferrer noopener\">Pr\u00e9mio AIA-CTS<\/a><\/p>\n","protected":false},"excerpt":{"rendered":"<p>Associa\u00e7\u00e3o Ibero-Americana CTS na Educa\u00e7\u00e3o em Ci\u00eancia ver formul\u00e1rio de candidatura Pr\u00e9mio AIA-CTS &#8211;&nbsp;Tese de Doutoramento ou Disserta\u00e7\u00e3o de Mestrado Com a atribui\u00e7\u00e3o do&nbsp;Pr\u00e9mio AIA CTS&nbsp;pretende-se distinguir a melhor Tese de Doutoramento ou Disserta\u00e7\u00e3o de Mestrado na \u00e1rea da educa\u00e7\u00e3o&hellip; <\/p>\n","protected":false},"author":1,"featured_media":0,"parent":0,"menu_order":10,"comment_status":"open","ping_status":"closed","template":"","meta":{"footnotes":""},"class_list":["post-64","page","type-page","status-publish","hentry"],"_links":{"self":[{"href":"https:\/\/aia-cts.web.ua.pt\/index.php?rest_route=\/wp\/v2\/pages\/64","targetHints":{"allow":["GET"]}}],"collection":[{"href":"https:\/\/aia-cts.web.ua.pt\/index.php?rest_route=\/wp\/v2\/pages"}],"about":[{"href":"https:\/\/aia-cts.web.ua.pt\/index.php?rest_route=\/wp\/v2\/types\/page"}],"author":[{"embeddable":true,"href":"https:\/\/aia-cts.web.ua.pt\/index.php?rest_route=\/wp\/v2\/users\/1"}],"replies":[{"embeddable":true,"href":"https:\/\/aia-cts.web.ua.pt\/index.php?rest_route=%2Fwp%2Fv2%2Fcomments&post=64"}],"version-history":[{"count":52,"href":"https:\/\/aia-cts.web.ua.pt\/index.php?rest_route=\/wp\/v2\/pages\/64\/revisions"}],"predecessor-version":[{"id":8701,"href":"https:\/\/aia-cts.web.ua.pt\/index.php?rest_route=\/wp\/v2\/pages\/64\/revisions\/8701"}],"wp:attachment":[{"href":"https:\/\/aia-cts.web.ua.pt\/index.php?rest_route=%2Fwp%2Fv2%2Fmedia&parent=64"}],"curies":[{"name":"wp","href":"https:\/\/api.w.org\/{rel}","templated":true}]}}