{"id":8392,"date":"2026-03-02T14:34:28","date_gmt":"2026-03-02T14:34:28","guid":{"rendered":"https:\/\/aia-cts.web.ua.pt\/?page_id=8392"},"modified":"2026-03-03T10:16:58","modified_gmt":"2026-03-03T10:16:58","slug":"quienes-somos-2","status":"publish","type":"page","link":"https:\/\/aia-cts.web.ua.pt\/?page_id=8392&lang=es","title":{"rendered":"Quienes somos"},"content":{"rendered":"\n<p>La AIA &#8211; CTS, o simplemente AIA o Asociaci\u00f3n, es la Asociaci\u00f3n Iberoamericana &nbsp;Ciencia-Tecnolog\u00eda-Sociedad en la Educaci\u00f3n en Ciencias, una asociaci\u00f3n cient\u00edfica particular y no lucrativa.<\/p>\n\n\n\n<p>Fundada el 9 de julio de 2010, la AIA tiene su sede en Portugal (Europa), en la ciudad de Aveiro, en el Campus Universitario de Santiago de la Universidad de Aveiro. Esta Asociaci\u00f3n pretende abarcar toda la comunidad iberoamericana, formada por 22 pa\u00edses de Europa y de de Am\u00e9rica del Sur, del Norte y Central: Andorra, Argentina, Bolivia, Brasil, Colombia, Costa Rica, Cuba, Chile, Ecuador, El Salvador, Espa\u00f1a, Guatemala, Honduras, M\u00e9xico, Nicaragua, Panam\u00e1, Paraguay, Per\u00fa, Portugal, Rep\u00fablica Dominicana, Uruguay, Venezuela.<\/p>\n\n\n\n<p>Uno de los objetivos de la AIA es reunir a los educadores e investigadores de la comunidad iberoamericana que trabajan y tienen inter\u00e9s en el conocimiento de la Ciencia-Tecnolog\u00eda-Sociedad en la Educaci\u00f3n en Ciencias, con la intenci\u00f3n de profundizar, difundir y promover el desarrollo de esta \u00e1rea.<\/p>\n\n\n\n<p>Para que esta integraci\u00f3n ocurra, la Asociaci\u00f3n puede firmar contratos y establecer convenios con otras entidades p\u00fablicas o privadas y afiliarse a organismos nacionales o internacionales que a\u00f1aden instituciones con fines relacionados.<\/p>\n\n\n\n<p><a href=\"http:\/\/aia-cts.web.ua.pt\/wp-content\/uploads\/2026\/03\/Regulamento-Interno_es.doc\" data-type=\"link\" data-id=\"http:\/\/aia-cts.web.ua.pt\/wp-content\/uploads\/2026\/03\/Regulamento-Interno_es.doc\" target=\"_blank\" rel=\"noreferrer noopener\">Regulamento Interno<\/a><\/p>\n\n\n\n<p><a href=\"http:\/\/aia-cts.web.ua.pt\/wp-content\/uploads\/2026\/03\/registo-marca_20131000063027.pdf\" data-type=\"link\" data-id=\"http:\/\/aia-cts.web.ua.pt\/wp-content\/uploads\/2026\/03\/registo-marca_20131000063027.pdf\" target=\"_blank\" rel=\"noreferrer noopener\">Registo de Marca<\/a><\/p>\n\n\n\n<p><a href=\"http:\/\/aia-cts.web.ua.pt\/wp-content\/uploads\/2026\/03\/AIA-CTS_Estatutos.pdf\" target=\"_blank\" rel=\"noreferrer noopener\">Estatutos<\/a> | <a href=\"http:\/\/aia-cts.web.ua.pt\/wp-content\/uploads\/2020\/11\/Resultado-de-la-encuesta_Modificacion-de-los-Estatutos.pdf\" target=\"_blank\" rel=\"noreferrer noopener\">Modificaci\u00f3n de los Estatutos<\/a><\/p>\n\n\n\n<p>Modificaci\u00f3n de los Estatutos de la Asociaci\u00f3n, punto 2 del art\u00edculo 9\u00ba de los Estatutos de la AIA-CTS:<\/p>\n\n\n\n<p><strong>\u201cLos miembros de la Mesa de la Asamblea General, as\u00ed como los de la Comisi\u00f3n Ejecutiva, de la Direcci\u00f3n y del Consejo Fiscal, son elegidos para un mandato de cuatro a\u00f1os, pudiendo ser reelegidos para otros mandatos<\/strong>\u201d.<\/p>\n\n\n\n<p><a href=\"http:\/\/aia-cts.web.ua.pt\/wp-content\/uploads\/2026\/03\/apresentacao-aiacts-imartins.ppt\" data-type=\"link\" data-id=\"http:\/\/aia-cts.web.ua.pt\/wp-content\/uploads\/2026\/03\/apresentacao-aiacts-imartins.ppt\" target=\"_blank\" rel=\"noreferrer noopener\">Apresenta\u00e7\u00e3o Prof. Isabel P. Martins<\/a><\/p>\n\n\n\n<p><a href=\"http:\/\/aia-cts.web.ua.pt\/wp-content\/uploads\/2026\/03\/publicacao_portal-da-justica.pdf\" data-type=\"link\" data-id=\"http:\/\/aia-cts.web.ua.pt\/wp-content\/uploads\/2026\/03\/publicacao_portal-da-justica.pdf\" target=\"_blank\" rel=\"noreferrer noopener\">Publica\u00e7\u00e3o<\/a><\/p>\n","protected":false},"excerpt":{"rendered":"<p>La AIA &#8211; CTS, o simplemente AIA o Asociaci\u00f3n, es la Asociaci\u00f3n Iberoamericana &nbsp;Ciencia-Tecnolog\u00eda-Sociedad en la Educaci\u00f3n en Ciencias, una asociaci\u00f3n cient\u00edfica particular y no lucrativa. Fundada el 9 de julio de 2010, la AIA tiene su sede en Portugal&hellip; <\/p>\n","protected":false},"author":1,"featured_media":79,"parent":8362,"menu_order":3,"comment_status":"open","ping_status":"closed","template":"","meta":{"footnotes":""},"class_list":["post-8392","page","type-page","status-publish","has-post-thumbnail","hentry"],"_links":{"self":[{"href":"https:\/\/aia-cts.web.ua.pt\/index.php?rest_route=\/wp\/v2\/pages\/8392","targetHints":{"allow":["GET"]}}],"collection":[{"href":"https:\/\/aia-cts.web.ua.pt\/index.php?rest_route=\/wp\/v2\/pages"}],"about":[{"href":"https:\/\/aia-cts.web.ua.pt\/index.php?rest_route=\/wp\/v2\/types\/page"}],"author":[{"embeddable":true,"href":"https:\/\/aia-cts.web.ua.pt\/index.php?rest_route=\/wp\/v2\/users\/1"}],"replies":[{"embeddable":true,"href":"https:\/\/aia-cts.web.ua.pt\/index.php?rest_route=%2Fwp%2Fv2%2Fcomments&post=8392"}],"version-history":[{"count":5,"href":"https:\/\/aia-cts.web.ua.pt\/index.php?rest_route=\/wp\/v2\/pages\/8392\/revisions"}],"predecessor-version":[{"id":8467,"href":"https:\/\/aia-cts.web.ua.pt\/index.php?rest_route=\/wp\/v2\/pages\/8392\/revisions\/8467"}],"up":[{"embeddable":true,"href":"https:\/\/aia-cts.web.ua.pt\/index.php?rest_route=\/wp\/v2\/pages\/8362"}],"wp:featuredmedia":[{"embeddable":true,"href":"https:\/\/aia-cts.web.ua.pt\/index.php?rest_route=\/wp\/v2\/media\/79"}],"wp:attachment":[{"href":"https:\/\/aia-cts.web.ua.pt\/index.php?rest_route=%2Fwp%2Fv2%2Fmedia&parent=8392"}],"curies":[{"name":"wp","href":"https:\/\/api.w.org\/{rel}","templated":true}]}}