{"id":8515,"date":"2026-03-02T15:13:10","date_gmt":"2026-03-02T15:13:10","guid":{"rendered":"https:\/\/aia-cts.web.ua.pt\/?page_id=8515"},"modified":"2026-03-03T10:44:25","modified_gmt":"2026-03-03T10:44:25","slug":"organos-sociales","status":"publish","type":"page","link":"https:\/\/aia-cts.web.ua.pt\/?page_id=8515&lang=es","title":{"rendered":"\u00d3rganos Sociales"},"content":{"rendered":"\n<h2 class=\"wp-block-heading\"><strong>2024-2028 <br><\/strong><\/h2>\n\n\n\n<h3 class=\"wp-block-heading\"><strong><strong>Gesti\u00f3n<\/strong><\/strong><\/h3>\n\n\n\n<figure class=\"wp-block-table\"><table><tbody><tr><td>Presidente<\/td><td><a href=\"https:\/\/orcid.org\/0000-0003-0610-6896\" target=\"_blank\" rel=\"noopener\">Rui Marques Vieira<\/a><\/td><\/tr><tr><td>Secret\u00e1ria<\/td><td><a href=\"https:\/\/scholar.google.com\/citations?user=sAYbdrMAAAAJ&amp;hl=en\" target=\"_blank\" rel=\"noopener\">Rosa Nidia Tuay Sigua<\/a><\/td><\/tr><tr><td>Tesoureira<\/td><td><a href=\"https:\/\/orcid.org\/0000-0003-0669-1650\" target=\"_blank\" rel=\"noopener\">Betina da Silva Lopes<\/a><\/td><\/tr><\/tbody><\/table><\/figure>\n\n\n\n<h3 class=\"wp-block-heading\"><strong><br><strong>Comit\u00e9 Ejecutivo<\/strong><\/strong><\/h3>\n\n\n\n<figure class=\"wp-block-table\"><table><tbody><tr><td>Presidente<\/td><td><a href=\"https:\/\/orcid.org\/0000-0003-0610-6896\" target=\"_blank\" rel=\"noopener\">Rui Marques Vieira<\/a><\/td><\/tr><tr><td>Vice-Presidente<\/td><td><a href=\"https:\/\/www.researchgate.net\/profile\/Blanca-Puig\" target=\"_blank\" rel=\"noopener\">Blanca Puig<\/a><\/td><\/tr><tr><td>Vogal<\/td><td><a href=\"https:\/\/www.escavador.com\/sobre\/7181892\/denise-de-freitas\" target=\"_blank\" rel=\"noopener\">Denise de Freitas<\/a><\/td><\/tr><tr><td>Vogal<\/td><td><a href=\"https:\/\/www.escavador.com\/sobre\/7731968\/antonio-donizetti-sgarbi\" target=\"_blank\" rel=\"noopener\">Antonio Donizetti Sgarbi<\/a><\/td><\/tr><tr><td>Vogal<\/td><td><a href=\"https:\/\/www.cienciavitae.pt\/portal\/C21B-559F-BCC8\" target=\"_blank\" rel=\"noopener\">Alcina Maria Parracho Mendes<\/a><\/td><\/tr><tr><td>Vogal<\/td><td><a href=\"https:\/\/scholar.google.com\/citations?user=h0zfbnoAAAAJ&amp;hl=es\" target=\"_blank\" rel=\"noopener\">Amparo Hurtado Soler<\/a><\/td><\/tr><tr><td>Vogal<\/td><td><a href=\"https:\/\/scholar.google.es\/citations?user=tzk-MKEAAAAJ&amp;hl=es\" target=\"_blank\" rel=\"noopener\">Maria Mercedes Callejas<\/a><\/td><\/tr><\/tbody><\/table><\/figure>\n\n\n\n<h3 class=\"wp-block-heading\"><strong><strong><strong><span id=\"result_box\" class=\"short_text\" lang=\"es\"><span class=\"hps\">Mesa de la<\/span> <span class=\"hps\">Asamblea General<\/span><\/span><\/strong><\/strong><\/strong><\/h3>\n\n\n\n<figure class=\"wp-block-table\"><table><tbody><tr><td>Presidente<\/td><td><a href=\"https:\/\/www.researchgate.net\/profile\/Jose-Domenech\" target=\"_blank\" rel=\"noopener\">Jos\u00e9 Cant\u00f3 Dom\u00e9nech<\/a><\/td><\/tr><tr><td>Vogal<\/td><td><a rel=\"noreferrer noopener\" href=\"http:\/\/blogs.ua.pt\/isabelpmartins\/\" target=\"_blank\">Isabel P. Martins<\/a><\/td><\/tr><tr><td>Vogal<\/td><td><a href=\"http:\/\/buscatextual.cnpq.br\/buscatextual\/visualizacv.do?id=K4786383D6\" target=\"_blank\" rel=\"noreferrer noopener\">\u00c1lvaro Chrispino<\/a><\/td><\/tr><tr><td>Vogal<\/td><td><a href=\"https:\/\/orcid.org\/0000-0001-5282-2012\" target=\"_blank\" rel=\"noreferrer noopener\">Nancy Fern\u00e1ndez Marchesi<\/a><\/td><\/tr><\/tbody><\/table><\/figure>\n\n\n\n<h3 class=\"wp-block-heading\"><strong>Consejo Fiscal<\/strong><\/h3>\n\n\n\n<figure class=\"wp-block-table\"><table><tbody><tr><td>Presidente<\/td><td><a href=\"https:\/\/orcid.org\/0000-0002-8026-4633\" target=\"_blank\" rel=\"noreferrer noopener\">Maria de F\u00e1tima Carmona Sim\u00f5es da Paix\u00e3o<\/a><\/td><\/tr><tr><td>Vogal<\/td><td><a href=\"https:\/\/www.escavador.com\/sobre\/3185445\/ricardo-pereira-sepini\" target=\"_blank\" rel=\"noreferrer noopener\">Ricardo Sepini<\/a><\/td><\/tr><tr><td>Vogal<\/td><td><a href=\"https:\/\/orcid.org\/0000-0002-6067-5814\" target=\"_blank\" rel=\"noreferrer noopener\">Mayra Garc\u00eda-Ruiz<\/a><\/td><\/tr><\/tbody><\/table><\/figure>\n\n\n\n<p><a rel=\"noreferrer noopener\" href=\"http:\/\/aia-cts.web.ua.pt\/wp-content\/uploads\/2024\/06\/Convocatoria_Asamblea_Electoral_2024.pdf\" target=\"_blank\">Convocat\u00f3ria Assembleia Eleitoral<\/a><br><a rel=\"noreferrer noopener\" href=\"http:\/\/aia-cts.web.ua.pt\/wp-content\/uploads\/2024\/06\/Caderno-Eleitoral_AIA_Associados_2024.pdf\" target=\"_blank\">Caderno Eleitoral 2024<br><\/a><a rel=\"noreferrer noopener\" href=\"http:\/\/aia-cts.web.ua.pt\/wp-content\/uploads\/2024\/06\/Lista_AIA-CTS_24-28.pdf\" target=\"_blank\">Lista Candidata aos \u00d3rg\u00e3os Sociais 2024-2028<\/a><br><a rel=\"noreferrer noopener\" href=\"http:\/\/aia-cts.web.ua.pt\/wp-content\/uploads\/2024\/06\/AIA_Programa-Candidatura-2024-2028.pdf\" target=\"_blank\">Programa da Lista para 2024-2028<\/a><br><a rel=\"noreferrer noopener\" href=\"http:\/\/aia-cts.web.ua.pt\/wp-content\/uploads\/2024\/07\/ata-assembleia-geral-2024.pdf\" target=\"_blank\">Ata da Assembleia eleitoral 2024<\/a><br><a rel=\"noreferrer noopener\" href=\"http:\/\/aia-cts.web.ua.pt\/wp-content\/uploads\/2024\/07\/Acta-de-la-Asamblea-general-version_final.pdf\" target=\"_blank\">Ata da Assembleia geral 2024<\/a><\/p>\n\n\n\n<div style=\"height:40px\" aria-hidden=\"true\" class=\"wp-block-spacer\"><\/div>\n\n\n\n<h2 class=\"wp-block-heading\"><strong>2020-2024&nbsp;<\/strong><\/h2>\n\n\n\n<h3 class=\"wp-block-heading\"><strong><strong><strong>Gesti\u00f3n<\/strong><\/strong><\/strong><\/h3>\n\n\n\n<figure class=\"wp-block-table\"><table><tbody><tr><td>Presidente<\/td><td><a href=\"http:\/\/blogs.ua.pt\/isabelpmartins\/\" target=\"_blank\" rel=\"noopener noreferrer\">Isabel P. Martins<\/a><\/td><\/tr><tr><td>Secret\u00e1rio<\/td><td><a href=\"http:\/\/lattes.cnpq.br\/9020895389257636\">Maria Delourdes Maciel<\/a><\/td><\/tr><tr><td>Tesoureiro<\/td><td><a href=\"https:\/\/orcid.org\/0000-0003-0610-6896\" target=\"_blank\" rel=\"noopener noreferrer\">Rui M. Vieira<\/a><\/td><\/tr><\/tbody><\/table><\/figure>\n\n\n\n<h3 class=\"wp-block-heading\"><strong><br><strong>Comit\u00e9 Ejecutivo<\/strong><\/strong><\/h3>\n\n\n\n<figure class=\"wp-block-table\"><table><tbody><tr><td>Presidente<\/td><td><a href=\"http:\/\/blogs.ua.pt\/isabelpmartins\/\" target=\"_blank\" rel=\"noopener noreferrer\">Isabel P. Martins<\/a><\/td><\/tr><tr><td>Vice-Presidente<\/td><td><a href=\"http:\/\/aia-cts.web.ua.pt\/wp-content\/uploads\/2020\/11\/CV-Rosa-Nidia-Tuay-Sigua-Noviembre-2020..pdf\" target=\"_blank\" rel=\"noopener noreferrer\">Rosa Nidia Tuay Sigua<\/a><\/td><\/tr><tr><td>Vogal<\/td><td><a href=\"http:\/\/aia-cts.web.ua.pt\/wp-content\/uploads\/2020\/11\/CV-JOSE-CANTO-abreviado.pdf\">Jos\u00e9 Cant\u00f3<\/a><\/td><\/tr><tr><td>Vogal<\/td><td><a href=\"http:\/\/aia-cts.web.ua.pt\/wp-content\/uploads\/2020\/11\/CURICULUM-NANCY-FERNANDEZ-OCTUBRE-2020.pdf\">Nancy Fern\u00e1ndez<\/a><\/td><\/tr><tr><td>Vogal<\/td><td><a href=\"https:\/\/www.cienciavitae.pt\/portal\/C21B-559F-BCC8\">Alcina Mendes<\/a><\/td><\/tr><tr><td>Vogal<\/td><td><a href=\"http:\/\/aia-cts.web.ua.pt\/wp-content\/uploads\/2020\/11\/CV_Amparo-Hurtado-Soler_NOV_2020.pdf\">Amparo Hurtado<\/a><\/td><\/tr><tr><td>Vogal<\/td><td><a href=\"https:\/\/orcid.org\/0000-0002-2686-6131\">Jos\u00e9 Mar\u00eda Oliva<\/a><\/td><\/tr><\/tbody><\/table><\/figure>\n\n\n\n<h3 class=\"wp-block-heading\"><strong><strong><span id=\"result_box\" class=\"short_text\" lang=\"es\"><span class=\"hps\">Mesa de la<\/span> <span class=\"hps\">Asamblea General<\/span><\/span><\/strong><\/strong><\/h3>\n\n\n\n<figure class=\"wp-block-table\"><table><tbody><tr><td>Presidente<\/td><td><a href=\"http:\/\/aia-cts.web.ua.pt\/wp-content\/uploads\/2020\/11\/CV-JOSE-CANTO-abreviado.pdf\">Jos\u00e9 Cant\u00f3<\/a><\/td><\/tr><tr><td>Vogal<\/td><td><a href=\"http:\/\/buscatextual.cnpq.br\/buscatextual\/visualizacv.do?id=K4786383D6\">\u00c1lvaro Chrispino<\/a><\/td><\/tr><tr><td>Vogal<\/td><td><a href=\"http:\/\/aia-cts.web.ua.pt\/wp-content\/uploads\/2020\/11\/CURICULUM-NANCY-FERNANDEZ-OCTUBRE-2020.pdf\">Nancy Fern\u00e1ndez<\/a><\/td><\/tr><\/tbody><\/table><\/figure>\n\n\n\n<h3 class=\"wp-block-heading\"><strong>Consejo Fiscal<\/strong><\/h3>\n\n\n\n<figure class=\"wp-block-table\"><table><tbody><tr><td>Presidente<\/td><td><a href=\"http:\/\/aia-cts.web.ua.pt\/wp-content\/uploads\/2020\/11\/CV-BREVE-AIA-CTS-FatimaPaixao.pdf\">F\u00e1tima Paix\u00e3o<\/a><\/td><\/tr><tr><td>Vogal<\/td><td><a href=\"https:\/\/orcid.org\/0000-0002-2686-6131\" target=\"_blank\" rel=\"noopener noreferrer\">Jos\u00e9 Mar\u00eda Oliva<\/a><\/td><\/tr><tr><td>Vogal<\/td><td><a href=\"http:\/\/aia-cts.web.ua.pt\/wp-content\/uploads\/2020\/11\/CV-Mayra-Garcia-Ruiz-Noviembre-2020.pdf\">Mayra Garc\u00eda-Ruiz<\/a><\/td><\/tr><\/tbody><\/table><\/figure>\n\n\n\n<p><a href=\"http:\/\/aia-cts.web.ua.pt\/wp-content\/uploads\/2020\/11\/Convocatoria-Asamblea-General-2020.pdf\" target=\"_blank\" rel=\"noreferrer noopener\">Convocat\u00f3ria da Assembleia-Geral<\/a><br><a href=\"http:\/\/aia-cts.web.ua.pt\/wp-content\/uploads\/2020\/11\/Caderno-Eleitoral_AIA_Associados_regularizada_04112020.pdf\" target=\"_blank\" rel=\"noreferrer noopener\">Caderno Eleitoral<\/a><br><a href=\"http:\/\/aia-cts.web.ua.pt\/wp-content\/uploads\/2020\/11\/Lista_Orgaos-Sociais_-AIA_2020-2024_com-CV.pdf\" target=\"_blank\" rel=\"noreferrer noopener\">Lista Candidata aos \u00d3rg\u00e3os Sociais 2020-2024<\/a><br><a href=\"http:\/\/aia-cts.web.ua.pt\/wp-content\/uploads\/2020\/12\/Acta-Elecciones-Asociacioon-Iberoamericana-CTS-en-Educacion-en-Ciencias-Assinada.pdf\">Ata Eleitoral<\/a><br><a href=\"http:\/\/aia-cts.web.ua.pt\/wp-content\/uploads\/2020\/11\/AIA_Programa-Candidatura-2020-2024.pdf\">Programa da Lista para 2020-2024<\/a><\/p>\n\n\n\n<div style=\"height:40px\" aria-hidden=\"true\" class=\"wp-block-spacer\"><\/div>\n\n\n\n<h2 class=\"wp-block-heading\">2016-2020<\/h2>\n\n\n\n<h3 class=\"wp-block-heading\"><strong>Gesti\u00f3n<\/strong><\/h3>\n\n\n\n<figure class=\"wp-block-table\"><table><tbody><tr><td>Presidente<\/td><td><a href=\"http:\/\/blogs.ua.pt\/isabelpmartins\/\" target=\"_blank\" rel=\"noopener noreferrer\">Isabel P. Martins<\/a><\/td><\/tr><tr><td>Secretario<\/td><td><a href=\"http:\/\/www.sicytar.mincyt.gob.ar\/buscacvar\/#\/resultados?q=Silvia%20Porro&amp;tipo=Persona&amp;start=0&amp;rows=15\" target=\"_blank\" rel=\"noopener noreferrer\">S\u00edlvia Porro<\/a><\/td><\/tr><tr><td>Tesorero<\/td><td><a href=\"http:\/\/blogs.ua.pt\/ctspc\/publicacoes\" target=\"_blank\" rel=\"noopener noreferrer\">Rui M. Vieira<\/a><\/td><\/tr><\/tbody><\/table><\/figure>\n\n\n\n<h3 class=\"wp-block-heading\"><strong>Comit\u00e9 Ejecutivo<\/strong><\/h3>\n\n\n\n<figure class=\"wp-block-table\"><table><tbody><tr><td>Presidente<\/td><td><a href=\"http:\/\/blogs.ua.pt\/isabelpmartins\/\" target=\"_blank\" rel=\"noopener noreferrer\">Isabel P. Martins<\/a><\/td><\/tr><tr><td>Vicepresidente<\/td><td><a href=\"http:\/\/www.uv.es\/vilches\/curriculo.htm\" target=\"_blank\" rel=\"noopener noreferrer\">Amparo Vilches<\/a><\/td><\/tr><tr><td>Vogal<\/td><td><a href=\"https:\/\/scholar.google.com.br\/citations?user=kCHCzDsAAAAJ&amp;hl=pt-PT\" target=\"_blank\" rel=\"noopener noreferrer\">Alvaro Chrispino<\/a><\/td><\/tr><tr><td>Vogal<\/td><td><a href=\"http:\/\/www.a3es.pt\/sites\/default\/files\/CURRICULO-Breve-2012-Fatima%20Paixao_1.pdf\" target=\"_blank\" rel=\"noopener noreferrer\">F\u00e1tima Paix\u00e3o<\/a><\/td><\/tr><tr><td>Vogal<\/td><td><a href=\"https:\/\/co.linkedin.com\/in\/maria-mercedes-callejas-restrepo-80742321\" target=\"_blank\" rel=\"noopener noreferrer\">Maria Mercedes Callejas<\/a><\/td><\/tr><tr><td>Vogal<\/td><td><a href=\"http:\/\/orcid.org\/0000-0002-2686-6131\" target=\"_blank\" rel=\"noopener noreferrer\">Jos\u00e9 Maria Oliva<\/a><\/td><\/tr><tr><td>Vogal<\/td><td><a href=\"http:\/\/aia-cts.web.ua.pt\/wp-content\/uploads\/2016\/06\/Gisela_Hernandes_CV.pdf\" target=\"_blank\" rel=\"noopener noreferrer\">Gisela Hernand\u00e9z<\/a><\/td><\/tr><\/tbody><\/table><\/figure>\n\n\n\n<h3 class=\"wp-block-heading\"><strong><span id=\"result_box\" class=\"short_text\" lang=\"es\"><span class=\"hps\">Mesa de la<\/span> <span class=\"hps\">Asamblea General<\/span><\/span><\/strong><\/h3>\n\n\n\n<figure class=\"wp-block-table\"><table><tbody><tr><td>Presidente<\/td><td><a href=\"https:\/\/es.linkedin.com\/in\/aureli-caama%C3%B1o-ros-451b1134\" target=\"_blank\" rel=\"noopener noreferrer\">Aureli Caama\u00f1o<\/a><\/td><\/tr><tr><td>Vogal<\/td><td><a href=\"http:\/\/staff.uc.pt\/apedrosa\" target=\"_blank\" rel=\"noopener noreferrer\">M. Arminda Pedrosa<\/a><\/td><\/tr><tr><td>Vogal<\/td><td><a href=\"http:\/\/lattes.cnpq.br\/9020895389257636\" target=\"_blank\" rel=\"noopener noreferrer\">Maria Delourdes Maciel<\/a><\/td><\/tr><\/tbody><\/table><\/figure>\n\n\n\n<h3 class=\"wp-block-heading\"><strong><span id=\"result_box\" class=\"short_text\" lang=\"es\"><span class=\"hps\">Consejo de Supervisi\u00f3n<\/span><\/span><\/strong><\/h3>\n\n\n\n<figure class=\"wp-block-table\"><table><tbody><tr><td>Presidente<\/td><td><a href=\"http:\/\/www.a3es.pt\/sites\/default\/files\/CURRICULO-Breve-2012-Fatima%20Paixao.pdf\" target=\"_blank\" rel=\"noopener noreferrer\">F\u00e1tima Paix\u00e3o<\/a><\/td><\/tr><tr><td>Vogal<\/td><td><a href=\"http:\/\/orcid.org\/0000-0002-2686-6131\" target=\"_blank\" rel=\"noopener noreferrer\">Jos\u00e9 Maria Oliva<\/a><\/td><\/tr><tr><td>Vogal<\/td><td><a href=\"http:\/\/lattes.cnpq.br\/9020895389257636\" target=\"_blank\" rel=\"noopener noreferrer\">Maria Delourdes Maciel<\/a><\/td><\/tr><\/tbody><\/table><\/figure>\n\n\n\n<p><a href=\"http:\/\/aia-cts.web.ua.pt\/wp-content\/uploads\/2016\/07\/AIA_Programa-2016-2020.pdf\" target=\"_blank\" rel=\"noopener noreferrer\">Programa para o Quadri\u00e9nio 2016 &#8211; 2020<\/a><\/p>\n\n\n\n<p><a href=\"http:\/\/aia-cts.web.ua.pt\/wp-content\/uploads\/2016\/07\/Ata_Assembleia_Geral_2016.pdf\" target=\"_blank\" rel=\"noopener noreferrer\">Ata da Assembleia<\/a><\/p>\n\n\n\n<div style=\"height:40px\" aria-hidden=\"true\" class=\"wp-block-spacer\"><\/div>\n\n\n\n<h2 class=\"wp-block-heading\">2012-2016<\/h2>\n\n\n\n<h3 class=\"wp-block-heading\"><strong>Gesti\u00f3n<br><\/strong><\/h3>\n\n\n\n<figure class=\"wp-block-table\"><table><tbody><tr><td>Presidente<\/td><td><a href=\"http:\/\/blogs.ua.pt\/isabelpmartins\/\" target=\"_blank\" rel=\"noopener noreferrer\">Isabel P. Martins<\/a><\/td><\/tr><tr><td>Secretario<\/td><td><a href=\"http:\/\/www.uv.es\/vilches\/index.html\" target=\"_blank\" rel=\"noopener noreferrer\">Amparo Vilches<\/a><\/td><\/tr><tr><td>Tesorero<\/td><td><a href=\"http:\/\/blogs.ua.pt\/ctspc\/publicacoes\" target=\"_blank\" rel=\"noopener noreferrer\">Rui M. Vieira<\/a><\/td><\/tr><\/tbody><\/table><\/figure>\n\n\n\n<h3 class=\"wp-block-heading\"><strong>Comit\u00e9 Ejecutivo<\/strong><\/h3>\n\n\n\n<figure class=\"wp-block-table\"><table><tbody><tr><td>Presidente<\/td><td><a href=\"http:\/\/blogs.ua.pt\/isabelpmartins\/\" target=\"_blank\" rel=\"noopener noreferrer\">Isabel P. Martins<\/a><\/td><\/tr><tr><td>Vicepresidente<\/td><td><a href=\"http:\/\/es.linkedin.com\/pub\/aureli-caama\u00f1o-ros\/34\/b11\/451\" target=\"_blank\" rel=\"noopener noreferrer\">Aureli Caama\u00f1o<\/a><\/td><\/tr><tr><td>Vogal<\/td><td><a href=\"http:\/\/buscatextual.cnpq.br\/buscatextual\/visualizacv.do?metodo=apresentar&amp;id=K4723288P6\" target=\"_blank\" rel=\"noopener noreferrer\">Wildson dos Santos<\/a><\/td><\/tr><tr><td>Vogal<\/td><td><a href=\"http:\/\/www.a3es.pt\/sites\/default\/files\/CURRICULO-Breve-2012-Fatima%20Paixao_1.pdf\" target=\"_blank\" rel=\"noopener noreferrer\">F\u00e1tima Paix\u00e3o<\/a><\/td><\/tr><tr><td>Vogal<\/td><td><a href=\"http:\/\/co.linkedin.com\/pub\/maria-mercedes-callejas-restrepo\/21\/423\/807\" target=\"_blank\" rel=\"noopener noreferrer\">Mercedes Callejas<\/a><\/td><\/tr><tr><td>Vogal<\/td><td>S\u00edlvia Porro<\/td><\/tr><tr><td>Vogal<\/td><td><a href=\"http:\/\/www.cneq.unam.mx\/directorio\/cra.html\" target=\"_blank\" rel=\"noopener noreferrer\">Cristina Rueda<\/a><\/td><\/tr><\/tbody><\/table><\/figure>\n\n\n\n<h3 class=\"wp-block-heading\"><strong><span id=\"result_box\" class=\"short_text\" lang=\"es\"><span class=\"hps\">Mesa de la<\/span> <span class=\"hps\">Asamblea General<\/span><\/span><\/strong><\/h3>\n\n\n\n<figure class=\"wp-block-table\"><table><tbody><tr><td>Presidente<\/td><td>M. Jes\u00fas Mart\u00edn-D\u00edaz<\/td><\/tr><tr><td>Vogal<\/td><td><a href=\"http:\/\/br.linkedin.com\/pub\/maria-delourdes-maciel\/24\/132\/306\" target=\"_blank\" rel=\"noopener noreferrer\">Maria Delourdes Maciel<\/a><\/td><\/tr><tr><td>Vogal<\/td><td><a href=\"http:\/\/www.ci.uc.pt\/qfm\/arminda_pedrosa.html\" target=\"_blank\" rel=\"noopener noreferrer\">M. Arminda Pedrosa<\/a><\/td><\/tr><\/tbody><\/table><\/figure>\n\n\n\n<h3 class=\"wp-block-heading\"><strong><span id=\"result_box\" class=\"short_text\" lang=\"es\"><span class=\"hps\">Consejo de Supervisi\u00f3n<\/span><\/span><\/strong><\/h3>\n\n\n\n<figure class=\"wp-block-table\"><table><tbody><tr><td>Presidente<\/td><td><a href=\"http:\/\/www.a3es.pt\/sites\/default\/files\/CURRICULO-Breve-2012-Fatima%20Paixao_1.pdf\" target=\"_blank\" rel=\"noopener noreferrer\">F\u00e1tima Paix\u00e3o<\/a><\/td><\/tr><tr><td>Vogal<\/td><td>M. Jes\u00fas Mart\u00edn-D\u00edaz<\/td><\/tr><tr><td>Vogal<\/td><td><a href=\"http:\/\/br.linkedin.com\/pub\/maria-delourdes-maciel\/24\/132\/306\" target=\"_blank\" rel=\"noopener noreferrer\">Maria Delourdes Maciel<\/a><\/td><\/tr><\/tbody><\/table><\/figure>\n\n\n\n<p><a href=\"http:\/\/aia-cts.web.ua.pt\/wp-content\/uploads\/2026\/03\/CONVOCATORIA_Eleicoes_Portugues.doc\" data-type=\"link\" data-id=\"http:\/\/aia-cts.web.ua.pt\/wp-content\/uploads\/2026\/03\/CONVOCATORIA_Eleicoes_Portugues.doc\" target=\"_blank\" rel=\"noreferrer noopener\">Convocat\u00f3ria para o Ato Eleitoral 2012<\/a><br><a href=\"http:\/\/aia-cts.web.ua.pt\/wp-content\/uploads\/2026\/03\/AIA-CTS_regulamento-eleitoral.doc\" data-type=\"link\" data-id=\"http:\/\/aia-cts.web.ua.pt\/wp-content\/uploads\/2026\/03\/AIA-CTS_regulamento-eleitoral.doc\" target=\"_blank\" rel=\"noreferrer noopener\">Regulamento Eleitoral<\/a><br><a href=\"http:\/\/aia-cts.web.ua.pt\/wp-content\/uploads\/2026\/03\/2012_Ata-AIA-CTS-assembleia.pdf\" data-type=\"link\" data-id=\"http:\/\/aia-cts.web.ua.pt\/wp-content\/uploads\/2026\/03\/2012_Ata-AIA-CTS-assembleia.pdf\" target=\"_blank\" rel=\"noreferrer noopener\">Ata das Elei\u00e7\u00f5es<\/a><\/p>\n\n\n\n<p><\/p>\n","protected":false},"excerpt":{"rendered":"<p>2024-2028 Gesti\u00f3n Presidente Rui Marques Vieira Secret\u00e1ria Rosa Nidia Tuay Sigua Tesoureira Betina da Silva Lopes Comit\u00e9 Ejecutivo Presidente Rui Marques Vieira Vice-Presidente Blanca Puig Vogal Denise de Freitas Vogal Antonio Donizetti Sgarbi Vogal Alcina Maria Parracho Mendes Vogal Amparo&hellip; <\/p>\n","protected":false},"author":1,"featured_media":7735,"parent":0,"menu_order":7,"comment_status":"open","ping_status":"closed","template":"","meta":{"footnotes":""},"class_list":["post-8515","page","type-page","status-publish","has-post-thumbnail","hentry"],"_links":{"self":[{"href":"https:\/\/aia-cts.web.ua.pt\/index.php?rest_route=\/wp\/v2\/pages\/8515","targetHints":{"allow":["GET"]}}],"collection":[{"href":"https:\/\/aia-cts.web.ua.pt\/index.php?rest_route=\/wp\/v2\/pages"}],"about":[{"href":"https:\/\/aia-cts.web.ua.pt\/index.php?rest_route=\/wp\/v2\/types\/page"}],"author":[{"embeddable":true,"href":"https:\/\/aia-cts.web.ua.pt\/index.php?rest_route=\/wp\/v2\/users\/1"}],"replies":[{"embeddable":true,"href":"https:\/\/aia-cts.web.ua.pt\/index.php?rest_route=%2Fwp%2Fv2%2Fcomments&post=8515"}],"version-history":[{"count":3,"href":"https:\/\/aia-cts.web.ua.pt\/index.php?rest_route=\/wp\/v2\/pages\/8515\/revisions"}],"predecessor-version":[{"id":8548,"href":"https:\/\/aia-cts.web.ua.pt\/index.php?rest_route=\/wp\/v2\/pages\/8515\/revisions\/8548"}],"wp:featuredmedia":[{"embeddable":true,"href":"https:\/\/aia-cts.web.ua.pt\/index.php?rest_route=\/wp\/v2\/media\/7735"}],"wp:attachment":[{"href":"https:\/\/aia-cts.web.ua.pt\/index.php?rest_route=%2Fwp%2Fv2%2Fmedia&parent=8515"}],"curies":[{"name":"wp","href":"https:\/\/api.w.org\/{rel}","templated":true}]}}