{"id":8551,"date":"2026-03-02T15:31:11","date_gmt":"2026-03-02T15:31:11","guid":{"rendered":"https:\/\/aia-cts.web.ua.pt\/?page_id=8551"},"modified":"2026-03-03T10:16:46","modified_gmt":"2026-03-03T10:16:46","slug":"historia","status":"publish","type":"page","link":"https:\/\/aia-cts.web.ua.pt\/?page_id=8551&lang=es","title":{"rendered":"Historia"},"content":{"rendered":"\n<p>La AIA-CTS se form\u00f3 en 2010, despu\u00e9s de cumplir 10 a\u00f1os de realizaci\u00f3n del Seminario bienal CTS, cuya primera edici\u00f3n se realiz\u00f3 en Aveiro (Portugal) en julio de 2000. Hasta 2008 este Seminario era Ib\u00e9rico y ten\u00eda lugar cada dos a\u00f1os alternativamente en Portugal y Espa\u00f1a. En su cuarta edici\u00f3n, en 2006, se decidi\u00f3 que el V Seminario Ib\u00e9rico, realizado en Portugal, se ampliar\u00eda a los investigadores de Am\u00e9rica Latina y corresponder\u00eda simult\u00e1neamente al I Seminario Iberoamericano. El II Seminario Iberoamericano, en 2010, fue el primero que se realiz\u00f3 en Am\u00e9rica Latina.<\/p>\n\n\n\n<ul class=\"wp-block-list\">\n<li>I Seminario Ib\u00e9rico CTS, en 2000 &#8211; Universidad de Aveiro &#8211; Portugal<\/li>\n\n\n\n<li>II Seminario Ib\u00e9rico CTS, en 2002 &#8211; Universidad de Valladolid &#8211; Espa\u00f1a<\/li>\n\n\n\n<li>III Seminario Ib\u00e9rico CTS, en 2004 &#8211; Universidad de Aveiro &#8211; Portugal<\/li>\n\n\n\n<li>IV Seminario Ib\u00e9rico CTS, en 2006 &#8211; Universidad de M\u00e1laga &#8211; Espa\u00f1a<\/li>\n\n\n\n<li>V Seminario Ib\u00e9rico CTS \/ I Seminario Iberoamericano CTS, en 2008 &#8211; Universidad de Aveiro &#8211; Portugal<\/li>\n\n\n\n<li>II Seminario Iberoamericano CTS \/&nbsp;VI Seminario Ib\u00e9rico CTS, en 2010 &#8211; Universidad de Brasilia &#8211; Brasil<\/li>\n\n\n\n<li>VII Seminario Ib\u00e9rico CTS \/ III Seminario Iberoamericano CTS, en 2012 &#8211; Madrid &#8211; Espa\u00f1a<\/li>\n\n\n\n<li>IV Seminario Iberoamericano CTS \/ VIII Seminario CTS, en 2014 &#8211; Universidade de Santo Tom\u00e1s &#8211; Bogot\u00e1, Col\u00f4mbia<\/li>\n\n\n\n<li>V Seminario Iberoamericano CTS \/ IX Seminario CTS, en 2016 &#8211; Universidade de Aveiro, Portugal<\/li>\n\n\n\n<li>VI Semin\u00e1rio Ibero-Americano CTS\/X Semin\u00e1rio CTS, em 2018 &#8211; Universidade Nacional de Quilmes,&nbsp;Bernal, Buenos Aires &#8211; Argentina<\/li>\n\n\n\n<li>VII Semin\u00e1rio Ibero-Americano CTS\/XI Semin\u00e1rio CTS, em 2020 \u2013 Universidade de Valencia \u2013 Espanha<\/li>\n<\/ul>\n\n\n\n<p>Este seminario se configur\u00f3 como un espacio de debate acad\u00e9mico sobre el campo de la investigaci\u00f3n de las interrelaciones Ciencia-Tecnolog\u00eda-Sociedad en la ense\u00f1anza de las Ciencias. Sus principales objetivos se centran en fomentar el debate, la investigaci\u00f3n y la innovaci\u00f3n como una forma de alcanzar una educaci\u00f3n en ciencias de calidad.<\/p>\n\n\n\n<p>Su p\u00fablico fueron los investigadores y estudiantes de postgrado que han desarrollado investigaci\u00f3n en el \u00e1rea. La creciente adhesi\u00f3n de los participantes a este evento demuestra la relevancia del tema y ayuda en la consolidaci\u00f3n de los estudios e investigaciones en el \u00e1rea y el intercambio cient\u00edfico favorecido por la proximidad de las lenguas iberoamericanas.<\/p>\n\n\n\n<p>La educaci\u00f3n CTS es considerada como una forma de poner en pr\u00e1ctica la ense\u00f1anza de las ciencias orientada hacia un conocimiento cient\u00edfico cr\u00edtico de los alumnos. Y esto es el ideal que m\u00e1s contribuye para una educaci\u00f3n para la ciudadan\u00eda y para el Desarrollo Sostenible. Y este punto de vista ha sido reconocido y difundido en esta y por esta comunidad que se fue ampliando.<\/p>\n","protected":false},"excerpt":{"rendered":"<p>La AIA-CTS se form\u00f3 en 2010, despu\u00e9s de cumplir 10 a\u00f1os de realizaci\u00f3n del Seminario bienal CTS, cuya primera edici\u00f3n se realiz\u00f3 en Aveiro (Portugal) en julio de 2000. Hasta 2008 este Seminario era Ib\u00e9rico y ten\u00eda lugar cada dos&hellip; <\/p>\n","protected":false},"author":1,"featured_media":0,"parent":0,"menu_order":4,"comment_status":"open","ping_status":"closed","template":"","meta":{"footnotes":""},"class_list":["post-8551","page","type-page","status-publish","hentry"],"_links":{"self":[{"href":"https:\/\/aia-cts.web.ua.pt\/index.php?rest_route=\/wp\/v2\/pages\/8551","targetHints":{"allow":["GET"]}}],"collection":[{"href":"https:\/\/aia-cts.web.ua.pt\/index.php?rest_route=\/wp\/v2\/pages"}],"about":[{"href":"https:\/\/aia-cts.web.ua.pt\/index.php?rest_route=\/wp\/v2\/types\/page"}],"author":[{"embeddable":true,"href":"https:\/\/aia-cts.web.ua.pt\/index.php?rest_route=\/wp\/v2\/users\/1"}],"replies":[{"embeddable":true,"href":"https:\/\/aia-cts.web.ua.pt\/index.php?rest_route=%2Fwp%2Fv2%2Fcomments&post=8551"}],"version-history":[{"count":2,"href":"https:\/\/aia-cts.web.ua.pt\/index.php?rest_route=\/wp\/v2\/pages\/8551\/revisions"}],"predecessor-version":[{"id":8557,"href":"https:\/\/aia-cts.web.ua.pt\/index.php?rest_route=\/wp\/v2\/pages\/8551\/revisions\/8557"}],"wp:attachment":[{"href":"https:\/\/aia-cts.web.ua.pt\/index.php?rest_route=%2Fwp%2Fv2%2Fmedia&parent=8551"}],"curies":[{"name":"wp","href":"https:\/\/api.w.org\/{rel}","templated":true}]}}