{"id":8617,"date":"2026-03-03T10:34:07","date_gmt":"2026-03-03T10:34:07","guid":{"rendered":"https:\/\/aia-cts.web.ua.pt\/?page_id=8617"},"modified":"2026-03-03T10:44:32","modified_gmt":"2026-03-03T10:44:32","slug":"asamblea-general","status":"publish","type":"page","link":"https:\/\/aia-cts.web.ua.pt\/?page_id=8617&lang=es","title":{"rendered":"Asamblea General"},"content":{"rendered":"\n<h5 class=\"wp-block-heading has-text-align-center\">Asamblea General 2024<\/h5>\n\n\n\n<p class=\"has-text-align-center\"><strong>CONVOCATORIA<\/strong><\/p>\n\n\n\n<p>Estimados\/as Asociados\/as,<\/p>\n\n\n\n<p>Me complace enviarles la convocatoria y el orden del d\u00eda de la Asamblea General que de acuerdo con el art\u00edculo 2.\u00ba, n\u00famero 3, del Reglamento Interno, se convoca en el d\u00eda 8 de julio de 2024, a las 18 h 30 min (hora Portugal continental) en la Sala 5.2.22 &#8211; Departamento de Educa\u00e7\u00e3o e Psicolog\u00eda, Universidad de Aveiro (tambi\u00e9n se podr\u00e1 seguir on-line).<\/p>\n\n\n\n<p>En el caso que el n\u00famero de asociados presentes no corresponda a lo previsto en el art\u00edculo 2.\u00ba, n\u00famero 5, se convoca Asamblea General a las 19 h, en los t\u00e9rminos del n\u00famero 8 del mismo Art\u00edculo del Reglamento Interno.<\/p>\n\n\n\n<p>Orden del d\u00eda:<br>1. Informaciones generales sobre el AIA-CTS.<br>2. Informe y Cuentas a\u00f1os 2022 e 2023.<br>3. Consideraciones sobre la elecci\u00f3n de los \u00d3rganos Sociales de la AIA-CTS para el cuatrienio 2024-2028.<br>4. Premio AIA-CTS 2024.<br>5. Informaciones sobre el X SIACTS.<br>6. Novos Editores do Boletim da AIA-CTS.<br>7. Turno abierto de palabras.<\/p>\n\n\n\n<p>Deseando que est\u00e9n bien de salud, les mando un afectuoso saludo,<br>Jos\u00e9 Cant\u00f3<br>Presidente de la Mesa de la Asamblea General de la AIA-CTS<\/p>\n\n\n\n<p><a rel=\"noreferrer noopener\" href=\"http:\/\/aia-cts.web.ua.pt\/wp-content\/uploads\/2024\/06\/Convocatoria_Asamblea_General_2024.pdf\" target=\"_blank\">Convocat\u00f3ria da Assembleia Geral 2024<\/a><br><a rel=\"noreferrer noopener\" href=\"http:\/\/aia-cts.web.ua.pt\/wp-content\/uploads\/2024\/07\/Acta-de-la-Asamblea-general-version_final.pdf\" target=\"_blank\">Ata da Assembleia geral 2024<\/a><\/p>\n\n\n\n<div style=\"height:30px\" aria-hidden=\"true\" class=\"wp-block-spacer\"><\/div>\n\n\n\n<h5 class=\"wp-block-heading has-text-align-center\">Asamblea Electoral 2024<\/h5>\n\n\n\n<p class=\"has-text-align-center\"><strong>CONVOCATORIA<\/strong><\/p>\n\n\n\n<p>Me complace enviarles la convocatoria de la Asamblea Electoral que tendr\u00e1 lugar de dos modalidades,<\/p>\n\n\n\n<p><strong>MODALIDAD PRESENCIAL<\/strong><br>El 8 de julio de 2024 en el horario de 11 \u2013 13 h y de 14 \u2013 16 h en la entrada del DEP-UA. (Los horarios corresponden a Portugal continental).<\/p>\n\n\n\n<p><strong>MODALIDAD ELECTR\u00d3NICA<\/strong><br>De las 0 h del 6 de julio hasta las 16 h del 8 de julio y tendr\u00e1 lugar a trav\u00e9s de una plataforma digital creada a tal efecto, la cual se enviar\u00e1 a todos los Asociados electores. (Los horarios corresponden a Portugal continental).<\/p>\n\n\n\n<p>El Proceso Electoral tiene como objetivo elegir los \u00d3rganos Sociales de la AIA-CTS para el cuatrienio 2024-2028, rigi\u00e9ndose por lo dispuesto en el Reglamento Electoral. De acuerdo con el Art\u00edculo 11.\u00ba del Reglamento Electoral la votaci\u00f3n se realizar\u00e1 por escrutinio secreto. Solo podr\u00e1n votar los Asociados que consten en el Cuaderno Electoral.<\/p>\n\n\n\n<p>Deseando que est\u00e9n bien de salud, les mando un afectuoso saludo,<br>Jos\u00e9 Cant\u00f3<br>Presidente de la Mesa de la Asamblea Electoral de la AIA-CTS<\/p>\n\n\n\n<p><a rel=\"noreferrer noopener\" href=\"http:\/\/aia-cts.web.ua.pt\/wp-content\/uploads\/2024\/06\/Convocatoria_Asamblea_Electoral_2024.pdf\" target=\"_blank\">Convocat\u00f3ria Assembleia Eleitoral<\/a><br><a rel=\"noreferrer noopener\" href=\"http:\/\/aia-cts.web.ua.pt\/wp-content\/uploads\/2024\/06\/Caderno-Eleitoral_AIA_Associados_2024.pdf\" target=\"_blank\">Caderno Eleitoral 2024<br><\/a><a rel=\"noreferrer noopener\" href=\"http:\/\/aia-cts.web.ua.pt\/wp-content\/uploads\/2024\/06\/Lista_AIA-CTS_24-28.pdf\" target=\"_blank\">Lista Candidata aos \u00d3rg\u00e3os Sociais 2024-2028<\/a><br><a rel=\"noreferrer noopener\" href=\"http:\/\/aia-cts.web.ua.pt\/wp-content\/uploads\/2024\/06\/AIA_Programa-Candidatura-2024-2028.pdf\" target=\"_blank\">Programa da Lista para 2024-2028<\/a><br><a rel=\"noreferrer noopener\" href=\"http:\/\/aia-cts.web.ua.pt\/wp-content\/uploads\/2024\/06\/Calendario-Eleitoral_AIA-CTS2024.pdf\" target=\"_blank\">Calend\u00e1rio eleitoral<\/a><br><a rel=\"noreferrer noopener\" href=\"http:\/\/aia-cts.web.ua.pt\/wp-content\/uploads\/2024\/07\/ata-assembleia-geral-2024.pdf\" target=\"_blank\">Ata da Assembleia eleitoral 2024<\/a><\/p>\n\n\n\n<div style=\"height:30px\" aria-hidden=\"true\" class=\"wp-block-spacer\"><\/div>\n\n\n\n<h5 class=\"wp-block-heading has-text-align-center\">Asamblea General 2020<\/h5>\n\n\n\n<p class=\"has-text-align-center\"><strong>CONVOCAT\u00d3RIA<\/strong><\/p>\n\n\n\n<p>De acuerdo con el art\u00edculo 2.\u00ba, n\u00famero 3, del Reglamento Interno, se convoca en el d\u00eda 20 de noviembre de 2020, a las 18h30min (Espa\u00f1a).<\/p>\n\n\n\n<p>Debido a la pandemia que estamos sufriendo la Asamblea tendr\u00e1 lugar telem\u00e1ticamente a trav\u00e9s de la plataforma de la Universidad de Valencia, Espa\u00f1a (el enlace ser\u00e1 anunciado oportunamente y estar\u00e1 disponible para todos los Asociados\/as.)<\/p>\n\n\n\n<p>En el caso que el n\u00famero de asociados presentes telem\u00e1ticamente no corresponda a lo previsto en el art\u00edculo 2.\u00ba, n\u00famero 5, se convoca Asamblea General a las 19 h 30 min, en los t\u00e9rminos del n\u00famero 8 del mismo Art\u00edculo del Reglamento Interno.<\/p>\n\n\n\n<p>Orden del d\u00eda:<\/p>\n\n\n\n<ol class=\"wp-block-list\">\n<li>Informaciones generales sobre el AIA-CTS.<\/li>\n\n\n\n<li>Informe y Cuentas 2018 e 2019.<\/li>\n\n\n\n<li>Premio AIA-CTS 2020.<\/li>\n\n\n\n<li>Consideraciones sobre la elecci\u00f3n de los \u00d3rganos Sociales de la AIA-CTS para el cuatrienio 2020-2024.<\/li>\n\n\n\n<li>Informaciones sobre el VIII SIACTS.<\/li>\n\n\n\n<li>Turno abierto de palabras.<\/li>\n<\/ol>\n\n\n\n<p>Deseando que est\u00e9n bien de salud, les mando un afectuoso saludo,<br>Aureli Caama\u00f1o Ros<br>Presidente de la Mesa de la Asamblea General de la AIA-CTS<\/p>\n\n\n\n<p><strong>Anexos \u00e0 Ata da Assembleia Geral 2020<\/strong><\/p>\n\n\n\n<p><a rel=\"noreferrer noopener\" href=\"http:\/\/aia-cts.web.ua.pt\/wp-content\/uploads\/2020\/11\/Convocatoria-Asamblea-General-2020.pdf\" target=\"_blank\">Convocat\u00f3ria da Assembleia-Geral<\/a><br><a rel=\"noreferrer noopener\" href=\"http:\/\/aia-cts.web.ua.pt\/wp-content\/uploads\/2020\/11\/Relatorio-AIA-2018_Final.pdf\" target=\"_blank\">Relat\u00f3rio e Contas AIA-CTS 2018<\/a><br><a rel=\"noreferrer noopener\" href=\"http:\/\/aia-cts.web.ua.pt\/wp-content\/uploads\/2020\/11\/Relatorio-AIA-2019_Final.pdf\" target=\"_blank\">Relat\u00f3rio e Contas AIA-CTS 2019<\/a><br><a rel=\"noreferrer noopener\" href=\"http:\/\/aia-cts.web.ua.pt\/wp-content\/uploads\/2020\/11\/Convocatoria-Asamblea-Electoral-2020-2024.pdf\" target=\"_blank\">Convocat\u00f3ria da Assembleia-Eleitoral<\/a><br><a rel=\"noreferrer noopener\" href=\"http:\/\/aia-cts.web.ua.pt\/wp-content\/uploads\/2020\/11\/Caderno-Eleitoral_AIA_Associados_regularizada_04112020.pdf\" target=\"_blank\">Caderno Eleitoral<\/a><br><a rel=\"noreferrer noopener\" href=\"http:\/\/aia-cts.web.ua.pt\/wp-content\/uploads\/2020\/11\/Lista_Orgaos-Sociais_-AIA_2020-2024_com-CV.pdf\" target=\"_blank\">Lista Candidata aos \u00d3rg\u00e3os Sociais 2020-2024<\/a><br><a rel=\"noreferrer noopener\" href=\"http:\/\/aia-cts.web.ua.pt\/wp-content\/uploads\/2020\/11\/AIA_Programa-Candidatura-2020-2024.pdf\" target=\"_blank\">Programa da Lista para 2020-2024<\/a><br><a href=\"http:\/\/aia-cts.web.ua.pt\/wp-content\/uploads\/2020\/12\/Acta-de-la-Asamblea-version-final-2-Assinada.pdf\">Ata da Assembleia-Geral 2020<\/a><br><a href=\"http:\/\/aia-cts.web.ua.pt\/wp-content\/uploads\/2020\/12\/PARECER-Conselho-Fiscal-Relatorio_Contas_AIA-2018.pdf\">Parecer relativo ao Relat\u00f3rio e Contas AIA-CTS 2018<\/a><br><a href=\"http:\/\/aia-cts.web.ua.pt\/wp-content\/uploads\/2020\/12\/PARECER-Conselho-Fiscal-Relatorio_Contas_AIA-2019.pdf\">Parecer relativo ao Relat\u00f3rio e Contas AIA-CTS 2019<\/a><\/p>\n\n\n\n<div style=\"height:30px\" aria-hidden=\"true\" class=\"wp-block-spacer\"><\/div>\n\n\n\n<h5 class=\"wp-block-heading has-text-align-center\"><strong>Assembleia Geral 2018<\/strong><\/h5>\n\n\n\n<p class=\"has-text-align-center p1\"><strong>CONVOCAT\u00d3RIA<\/strong><\/p>\n\n\n\n<p class=\"p1\">Nos termos do Artigo 2.\u00ba, n\u00famero 3, do Regulamento Interno, convoca-se a Assembleia Geral da ASSOCIA\u00c7\u00c3O IBERO-AMERICANA CTS NA EDUCA\u00c7\u00c3O EM CI\u00caNCIA (AIA-CTS), para o dia 2 de agosto de 2018, pelas 19h, a ter lugar na Universidad Nacional de Quilmes, na Aula 54 do Departamento de Ciencia y Tecnolog\u00eda, situado em <span class=\"s1\">Roque S\u00e1enz&nbsp;<\/span>Pe\u00f1a 352, Bernal, Buenos Aires, Argentina.<\/p>\n\n\n\n<p class=\"p2\">Caso o n\u00famero de Associados presentes n\u00e3o corresponda ao previsto no Artigo 2.\u00ba, n\u00famero 5, convoca-se a Assembleia Geral para as 19h30min, no mesmo local, nos termos do n.\u00ba 8 do mesmo Artigo do Regulamento Interno.<\/p>\n\n\n\n<p class=\"p2\">Ordem de trabalhos:<br>1. Informa\u00e7\u00f5es gerais sobre a AIA-CTS.<br>2. Ratifica\u00e7\u00e3o da composi\u00e7\u00e3o da Comiss\u00e3o Executiva da AIA-CTS.<br>3. Aprecia\u00e7\u00e3o e vota\u00e7\u00e3o do Relat\u00f3rio e Contas de 2016.<br>4. Aprecia\u00e7\u00e3o e vota\u00e7\u00e3o do Relat\u00f3rio e Contas de 2017.<br>5. Pr\u00e9mio CTS 2018.<br>6. VII SIACTS.<br>7. Outros assuntos.<\/p>\n\n\n\n<p class=\"p1\">Universidade Cruzeiro do Sul, 25 de junho de 2018<br>Pel\u2019 O Presidente da Mesa da Assembleia-Geral da AIA-CTS<br>Maria Delourdes Maciel<\/p>\n\n\n\n<p><a href=\"http:\/\/aia-cts.web.ua.pt\/wp-content\/uploads\/2018\/08\/ATA_02agosto2018.pdf\" target=\"_blank\" rel=\"noopener noreferrer\">Ata da Assembleia Geral 2018<\/a><\/p>\n\n\n\n<p><strong>Anexos &#8211; Ata Asamblea General 2018<\/strong><\/p>\n\n\n\n<p><a rel=\"noopener noreferrer\" href=\"http:\/\/aia-cts.web.ua.pt\/wp-content\/uploads\/2018\/08\/Lista-participantes-AG_02agosto2018.pdf\" target=\"_blank\">Lista de Presen\u00e7as 2018<\/a><br><a rel=\"noopener noreferrer\" href=\"http:\/\/aia-cts.web.ua.pt\/wp-content\/uploads\/2018\/08\/Relatorio_Contas_-AIA-CTS-2016.pdf\" target=\"_blank\">Relat\u00f3rio e Contas da AIA-CTS 2016<\/a><br><a rel=\"noopener noreferrer\" href=\"http:\/\/aia-cts.web.ua.pt\/wp-content\/uploads\/2018\/08\/Relatorio_Contas_AIA-CTS-2017.pdf\" target=\"_blank\">Relat\u00f3rio e Contas da AIA-CTS 2017<\/a><br><a rel=\"noopener noreferrer\" href=\"http:\/\/aia-cts.web.ua.pt\/wp-content\/uploads\/2018\/08\/Parecer_ConselhoFiscal_2016.pdf\" target=\"_blank\">Parecer Relativo ao Relat\u00f3rio e Contas da AIA-CTS 2016<\/a><br><a rel=\"noopener noreferrer\" href=\"http:\/\/aia-cts.web.ua.pt\/wp-content\/uploads\/2018\/08\/Parecer_ConselhoFiscal_2017.pdf\" target=\"_blank\">Parecer Relativo ao Relat\u00f3rio e Contas da AIA-CTS 2017<\/a><\/p>\n\n\n\n<div style=\"height:30px\" aria-hidden=\"true\" class=\"wp-block-spacer\"><\/div>\n\n\n\n<h5 class=\"wp-block-heading has-text-align-center\">Assembleia-Geral 2016<\/h5>\n\n\n\n<p class=\"has-text-align-center\"><strong>CONVOCAT\u00d3RIA <\/strong><\/p>\n\n\n\n<p>Nos termos do Artigo 2.\u00ba, n\u00famero 3, do Regulamento Interno, convoca-se a Assembleia-Geral da ASSOCIA\u00c7\u00c3O IBERO-AMERICANA CTS NA EDUCA\u00c7\u00c3O EM CI\u00caNCIA (AIA-CTS), para o dia 04 de julho de 2016, pelas 18h30min, a ter lugar na Universidade de Aveiro, Departamento de Educa\u00e7\u00e3o e Psicologia, Sala 5.2.22, Campus Universit\u00e1rio de Santiago, 3810-193 Aveiro, Portugal.<\/p>\n\n\n\n<p>Caso o n\u00famero de Associados presentes n\u00e3o corresponda ao previsto no Artigo 2.\u00ba, n\u00famero 5, convoca-se a Assembleia-Geral para as 19h, no mesmo local, nos termos do n\u00famero 8 do mesmo Artigo do Regulamento Interno.<\/p>\n\n\n\n<p>Ordem de trabalhos:<br>1. Informa\u00e7\u00f5es gerais sobre a AIA-CTS.<br>2. Aprecia\u00e7\u00e3o do Relat\u00f3rio e Contas 2014- 2015.<br>3. Pr\u00e9mio CTS 2016.<br>4. Elei\u00e7\u00e3o dos \u00d3rg\u00e3os Sociais da AIA-CTS para o quadri\u00e9nio 2016-2020.<br>5. Tomada de posse dos \u00d3rg\u00e3os Sociais eleitos.<\/p>\n\n\n\n<p>Universidade de Aveiro, 16 de junho de 2016<br>Pel\u2019 A Presidente da Mesa da Assembleia-Geral da AIA-CTS<br>Maria Arminda Pedrosa e Silva Carvalho<\/p>\n\n\n\n<div style=\"height:30px\" aria-hidden=\"true\" class=\"wp-block-spacer\"><\/div>\n\n\n\n<h5 class=\"wp-block-heading has-text-align-center\">Assembleia Eleitoral 2016<\/h5>\n\n\n\n<p class=\"has-text-align-center\"><strong>CONVOCAT\u00d3RIA <\/strong><\/p>\n\n\n\n<p>Nos termos do Artigo 5.\u00ba do Regulamento Eleitoral, convoca-se a Assembleia Eleitoral da ASSOCIA\u00c7\u00c3O IBERO-AMERICANA CTS NA EDUCA\u00c7\u00c3O EM CI\u00caNCIA (AIA-CTS), para o dia 04 de julho de 2016, a ter lugar na Universidade de Aveiro, Departamento de Educa\u00e7\u00e3o e Psicologia, Campus Universit\u00e1rio de Santiago, 3810-193 Aveiro, Portugal.<\/p>\n\n\n\n<p>O Processo Eleitoral destina-se a eleger os \u00d3rg\u00e3os Sociais da AIA-CTS para o quadri\u00e9nio 2016-2020 e rege-se pelo disposto no Regulamento Eleitoral.<\/p>\n\n\n\n<p>Nos termos do Artigo 11.\u00ba do Regulamento Eleitoral a vota\u00e7\u00e3o realiza-se por escrut\u00ednio secreto. S\u00f3 poder\u00e3o votar os Associados constantes do Caderno Eleitoral.<\/p>\n\n\n\n<p>A vota\u00e7\u00e3o ter\u00e1 lugar em local devidamente assinalado, no Departamento de Educa\u00e7\u00e3o e Psicologia, Universidade de Aveiro, Campus Universit\u00e1rio de Santiago, 3810-193 Aveiro, Portugal.<\/p>\n\n\n\n<p>Os resultados da vota\u00e7\u00e3o ser\u00e3o anunciados na Assembleia-Geral da AIA-CTS a realizar no mesmo dia, pelas 18h30min.<\/p>\n\n\n\n<p>Universidade de Aveiro, 16 de junho de 2016<br>A Presidente da Mesa da Assembleia Eleitoral da AIA-CTS<br>Maria Arminda Pedrosa e Silva Carvalho<\/p>\n\n\n\n<p><a href=\"http:\/\/aia-cts.web.ua.pt\/wp-content\/uploads\/2015\/01\/Assembleia-Geral-2016.pdf\">Convocatoria para Asemblea General 2016<\/a><br><a href=\"http:\/\/aia-cts.web.ua.pt\/wp-content\/uploads\/2015\/01\/CE2016.pdf\">Caderno eleitoral provisorio 2016<\/a><br><a href=\"http:\/\/aia-cts.web.ua.pt\/wp-content\/uploads\/2015\/01\/Convocatoria-Assembleia-Eleitoral-20162.pdf\">Convocatoria para Asemblea Eleitoral 2016<\/a><br><a href=\"http:\/\/aia-cts.web.ua.pt\/wp-content\/uploads\/2016\/06\/Lista_Orgaos-Sociais_-AIA_2016-2020.doc\">Lista candidata 2016-2020<\/a><br><a href=\"http:\/\/aia-cts.web.ua.pt\/wp-content\/uploads\/2016\/06\/AIA_Programa-Candidatura-2016-2020.pdf\">Programa de Candidatura 2016-2020<\/a><br><a rel=\"noopener noreferrer\" href=\"http:\/\/aia-cts.web.ua.pt\/wp-content\/uploads\/2016\/07\/Ata_Assembleia_Geral_2016.pdf\" target=\"_blank\">Ata da Assembleia 2016<\/a><\/p>\n\n\n\n<p><strong>Anexos &#8211; Ata Asamblea General 2016<\/strong><\/p>\n\n\n\n<p><a rel=\"noopener noreferrer\" href=\"http:\/\/aia-cts.web.ua.pt\/wp-content\/uploads\/2016\/07\/Lista_de_Presencas_2016.pdf\" target=\"_blank\">Lista de Presen\u00e7as 2016<\/a><br><a rel=\"noopener noreferrer\" href=\"http:\/\/aia-cts.web.ua.pt\/wp-content\/uploads\/2016\/07\/Relatorio_Contas_AIA_14_15.pdf\" target=\"_blank\">Relat\u00f3rio e Contas da AIA-CTS<\/a><br><a rel=\"noopener noreferrer\" href=\"http:\/\/aia-cts.web.ua.pt\/wp-content\/uploads\/2016\/07\/Parecer_Relativo_relatorio.pdf\" target=\"_blank\">Parecer Relativo ao Relat\u00f3rio e Contas da AIA-CTS 2014-2015<\/a><br><a rel=\"noopener noreferrer\" href=\"http:\/\/aia-cts.web.ua.pt\/wp-content\/uploads\/2016\/07\/Declaracao_Universidade_Quilmes.pdf\" target=\"_blank\">Declara\u00e7\u00e3o Universidad Nacional de Quilmes<\/a><\/p>\n\n\n\n<div style=\"height:30px\" aria-hidden=\"true\" class=\"wp-block-spacer\"><\/div>\n\n\n\n<h5 class=\"wp-block-heading has-text-align-center\">Assembleia-Geral 2014<\/h5>\n\n\n\n<p>Nos termos do Artigo 2.\u00ba, n\u00famero 3, do Regulamento Interno, convoca-se a Assembleia-Geral da ASSOCIA\u00c7\u00c3O IBERO-AMERICANA CTS NA EDUCA\u00c7\u00c3O EM CI\u00caNCIA (AIA-CTS), para o dia 16 de julho de 2014, pelas 18h, a ter lugar na Universidade Santo Tom\u00e1s, Aula Fundadores, Carrera 9, N.\u00ba 51-11, Bogot\u00e1, Colombia.<br>Caso o n\u00famero de Associados presentes n\u00e3o corresponda ao previsto no Artigo 2.\u00ba, n\u00famero 5, convoca-se a Assembleia-Geral para as 18h30min, no mesmo local, nos termos do n\u00famero 8 do mesmo Artigo do Regulamento Interno.<\/p>\n\n\n\n<p>Ordem de trabalhos:<\/p>\n\n\n\n<p>1. Informa\u00e7\u00f5es gerais sobre a AIA-CTS.<br>2. Aprecia\u00e7\u00e3o do Relat\u00f3rio de Contas 2012- 2013.<br>3. Pr\u00e9mio CTS 2014.<br>4. An\u00e1lise do Plano de Atividades com vista \u00e0 afirma\u00e7\u00e3o da AIA-CTS e sua divulga\u00e7\u00e3o em comunidades acad\u00e9micas e cient\u00edficas relevantes.<br>5. Outros assuntos.<\/p>\n\n\n\n<p>Universidade Cruzeiro do Sul | S\u00e3o Paulo, 16 de junho de 2014<br>Pel\u2019 A Presidente da Mesa da Assembleia-Geral da AIA-CTS<br>Maria Delourdes Maciel<\/p>\n\n\n\n<p><a href=\"http:\/\/aia-cts.web.ua.pt\/wp-content\/uploads\/2026\/03\/CONVOCATORIA-AIACTS_2014.pdf\" data-type=\"link\" data-id=\"http:\/\/aia-cts.web.ua.pt\/wp-content\/uploads\/2026\/03\/CONVOCATORIA-AIACTS_2014.pdf\" target=\"_blank\" rel=\"noreferrer noopener\">Convocatoria para Asemblea General 2014<\/a><br><a href=\"http:\/\/aia-cts.web.ua.pt\/wp-content\/uploads\/2026\/03\/Ata-n2.pdf\" data-type=\"link\" data-id=\"http:\/\/aia-cts.web.ua.pt\/wp-content\/uploads\/2026\/03\/Ata-n2.pdf\" target=\"_blank\" rel=\"noreferrer noopener\">Ata da Asamblea General<\/a><\/p>\n\n\n\n<p><strong>Anexos &#8211; Ata Asamblea General 2014<\/strong><\/p>\n\n\n\n<p><a href=\"http:\/\/aia-cts.web.ua.pt\/wp-content\/uploads\/2026\/03\/Lista-de-Presencas_2014.pdf\" data-type=\"link\" data-id=\"http:\/\/aia-cts.web.ua.pt\/wp-content\/uploads\/2026\/03\/Lista-de-Presencas_2014.pdf\" target=\"_blank\" rel=\"noreferrer noopener\">Lista de Presen\u00e7as 2024<\/a><br><a href=\"http:\/\/aia-cts.web.ua.pt\/wp-content\/uploads\/2026\/03\/Relatorio_conta12_13.pdf\" data-type=\"link\" data-id=\"http:\/\/aia-cts.web.ua.pt\/wp-content\/uploads\/2026\/03\/Relatorio_conta12_13.pdf\" target=\"_blank\" rel=\"noreferrer noopener\">Relat\u00f3rio e Contas da AIA-CTS 2012 e 2013<\/a><br><a href=\"http:\/\/aia-cts.web.ua.pt\/wp-content\/uploads\/2026\/03\/Parecer_2012-2023.pdf\" data-type=\"link\" data-id=\"http:\/\/aia-cts.web.ua.pt\/wp-content\/uploads\/2026\/03\/Parecer_2012-2023.pdf\" target=\"_blank\" rel=\"noreferrer noopener\">Parecer Relativo ao Relat\u00f3rio e Contas da AIA-CTS 2012 e 2013<\/a><br><a href=\"http:\/\/aia-cts.web.ua.pt\/wp-content\/uploads\/2026\/03\/Declaracao-UA.pdf\" data-type=\"link\" data-id=\"http:\/\/aia-cts.web.ua.pt\/wp-content\/uploads\/2026\/03\/Declaracao-UA.pdf\" target=\"_blank\" rel=\"noreferrer noopener\">Declara\u00e7\u00e3o UA<\/a><\/p>\n","protected":false},"excerpt":{"rendered":"<p>Asamblea General 2024 CONVOCATORIA Estimados\/as Asociados\/as, Me complace enviarles la convocatoria y el orden del d\u00eda de la Asamblea General que de acuerdo con el art\u00edculo 2.\u00ba, n\u00famero 3, del Reglamento Interno, se convoca en el d\u00eda 8 de julio&hellip; <\/p>\n","protected":false},"author":1,"featured_media":2545,"parent":8515,"menu_order":8,"comment_status":"open","ping_status":"closed","template":"","meta":{"footnotes":""},"class_list":["post-8617","page","type-page","status-publish","has-post-thumbnail","hentry"],"_links":{"self":[{"href":"https:\/\/aia-cts.web.ua.pt\/index.php?rest_route=\/wp\/v2\/pages\/8617","targetHints":{"allow":["GET"]}}],"collection":[{"href":"https:\/\/aia-cts.web.ua.pt\/index.php?rest_route=\/wp\/v2\/pages"}],"about":[{"href":"https:\/\/aia-cts.web.ua.pt\/index.php?rest_route=\/wp\/v2\/types\/page"}],"author":[{"embeddable":true,"href":"https:\/\/aia-cts.web.ua.pt\/index.php?rest_route=\/wp\/v2\/users\/1"}],"replies":[{"embeddable":true,"href":"https:\/\/aia-cts.web.ua.pt\/index.php?rest_route=%2Fwp%2Fv2%2Fcomments&post=8617"}],"version-history":[{"count":3,"href":"https:\/\/aia-cts.web.ua.pt\/index.php?rest_route=\/wp\/v2\/pages\/8617\/revisions"}],"predecessor-version":[{"id":8656,"href":"https:\/\/aia-cts.web.ua.pt\/index.php?rest_route=\/wp\/v2\/pages\/8617\/revisions\/8656"}],"up":[{"embeddable":true,"href":"https:\/\/aia-cts.web.ua.pt\/index.php?rest_route=\/wp\/v2\/pages\/8515"}],"wp:featuredmedia":[{"embeddable":true,"href":"https:\/\/aia-cts.web.ua.pt\/index.php?rest_route=\/wp\/v2\/media\/2545"}],"wp:attachment":[{"href":"https:\/\/aia-cts.web.ua.pt\/index.php?rest_route=%2Fwp%2Fv2%2Fmedia&parent=8617"}],"curies":[{"name":"wp","href":"https:\/\/api.w.org\/{rel}","templated":true}]}}