{"id":8659,"date":"2026-03-03T10:51:10","date_gmt":"2026-03-03T10:51:10","guid":{"rendered":"https:\/\/aia-cts.web.ua.pt\/?page_id=8659"},"modified":"2026-03-03T10:51:12","modified_gmt":"2026-03-03T10:51:12","slug":"premio-aia-cts","status":"publish","type":"page","link":"https:\/\/aia-cts.web.ua.pt\/?page_id=8659&lang=es","title":{"rendered":"Premio AIA-CTS"},"content":{"rendered":"\n<p><b>Asociaci\u00f3nIberoamericana CTS en la Educaci\u00f3n en Ciencias<\/b><\/p>\n\n\n\n<p><a href=\"http:\/\/aia-cts.web.ua.pt\/?page_id=85&amp;lang=es\" target=\"_blank\" rel=\"noopener noreferrer\">Formulario de Candidatura al Premio CTS<\/a><\/p>\n\n\n\n<p><b><i>Premio AIA-CTS<\/i><\/b><b> &#8211; Tesis de Doctorado o Tesis de M\u00e1ster<\/b><\/p>\n\n\n\n<p>La atribuci\u00f3n del <b><i>Premio<\/i><\/b><b><i> AIA-CTS<\/i><\/b> tiene por objetivo distinguir la mejor Tesis de doctorado o Disertaci\u00f3n de Master en la educaci\u00f3n CTS, publicada en Portugu\u00e9s, Espa\u00f1ol, Catal\u00e1n o Gallego, de entre las presentadas. En cada Seminario CTS se dar\u00e1n a conocer los vencedores con los trabajos concluidos en los dos a\u00f1os anteriores.<\/p>\n\n\n\n<p>El concurso para el Premio AIA-CTS obedece a las siguientes reglas.<\/p>\n\n\n\n<p><b>Reglamento General<\/b><b><\/b><\/p>\n\n\n\n<p><b>\u00c1mbito<\/b><b><\/b><\/p>\n\n\n\n<p>El premio AIA-CTS se asigna al mejor trabajo de Tesis de Doctorado o Disertaci\u00f3n de Master, desarrollada en la \u00e1rea cient\u00edfica de &#8220;CTS en la Educaci\u00f3n \/ Ense\u00f1anza de las Ciencias&#8221;. Su prop\u00f3sito es estimular la innovaci\u00f3n y la creaci\u00f3n de conocimiento cient\u00edfico que contribuye a la profundizaci\u00f3n y consolidaci\u00f3n de esta \u00e1rea. Se pretende, a\u00fan, con esta distinci\u00f3n, la difusi\u00f3n de trabajos cient\u00edficos de alta calidad.<\/p>\n\n\n\n<p>El premio AIA-CTS se compone de un Diploma de M\u00e9rito, la oferta de la inscripci\u00f3n en el Seminario Iberoamericano siguiente y de una invitaci\u00f3n para presentar su trabajo en ese seminario, en la forma de comunicaci\u00f3n oral.<\/p>\n\n\n\n<p>Al director (y codirector, en su caso) se le asigna un Diploma al M\u00e9rito.<\/p>\n\n\n\n<p>La atribuci\u00f3n del premio se regir\u00e1 por las siguientes reglas:<\/p>\n\n\n\n<p><b>1<\/b><b>. Presentaci\u00f3n de las candidaturas<\/b><b><\/b><\/p>\n\n\n\n<p>1.1. El plazo de presentaci\u00f3n de candidaturas es hasta el 31 de enero de cada a\u00f1o civil, y su apertura se anuncia en el sitio de Internet de la AIA-CTS (http:\/\/aia-cts.web.ua.pt\/), el mes de diciembre anterior.<\/p>\n\n\n\n<p>1.2. Son admitidas para el concurso tesis y disertaciones originales, concluidas en el a\u00f1o anterior a la fecha de presentaci\u00f3n de las candidaturas al premio AIA-CTS.<\/p>\n\n\n\n<p>1.3. Son admitidas tesis y disertaciones publicadas en Portugu\u00e9s, Espa\u00f1ol, Catal\u00e1n o Gallego.<\/p>\n\n\n\n<p>1.4. Son admitidas candidaturas al Premio AIA-CTS teses desarrolladas y o dirigidas \/ co-dirigidas por miembros de la AIA-CTS.<\/p>\n\n\n\n<p>1.5. La candidatura deber\u00e1 ser formalizada rellenando el formulario disponible en: <a href=\"http:\/\/aia-cts.web.ua.pt\/\" target=\"_blank\" rel=\"noopener noreferrer\">http:\/\/aia-cts.web.ua.pt\/<\/a> y con el env\u00edo de la informaci\u00f3n al email <a href=\"mailto:de-aia-cts@ua.pt\" target=\"_blank\" rel=\"noopener noreferrer\">de-aia-cts@ua.pt<\/a>.<\/p>\n\n\n\n<p><b>2<\/b><b>. Documentos para la candidatura al concurso<\/b><\/p>\n\n\n\n<p>2.1. Formulario de candidatura online (<a href=\"http:\/\/aia-cts.web.ua.pt\/\" target=\"_blank\" rel=\"noopener noreferrer\">http:\/\/aia-cts.web.ua.pt\/<\/a>) y env\u00edo de la misma informaci\u00f3n para el email <a href=\"mailto:de-aia-cts@ua.pt\" target=\"_blank\" rel=\"noopener noreferrer\">de-aia-cts@ua.pt<\/a>.<\/p>\n\n\n\n<p>2.2. Disertaci\u00f3n de Master o Tesis de Doctorado en formato PDF (texto completo);<\/p>\n\n\n\n<p>2.3. Lista de Publicaciones presentadas o aceptadas resultado del trabajo desarrollado, con sus respectivas referencias completas (en formato PDF);<\/p>\n\n\n\n<p>2.4. <b><i>Curriculum<\/i><\/b><b><i> Vitae<\/i><\/b> del autor y del Director(es) (en formato PDF);<\/p>\n\n\n\n<p>2.5. Digitalizaci\u00f3n del certificado de finalizaci\u00f3n del grado (en formato PDF).<\/p>\n\n\n\n<p><b>3<\/b><b>. Composici\u00f3n del Jurado y evaluaci\u00f3n de los trabajos<\/b><b><\/b><\/p>\n\n\n\n<p>3.1. El Jurado es designado por el Consejo Directivo de la AIA-CTS y consta de cuatro doctorados, de reconocido prestigio cient\u00edfico en el \u00e1rea.<\/p>\n\n\n\n<p>3.2. Los criterios generales que sustentan el an\u00e1lisis de las tesis y disertaciones son la calidad cient\u00edfica y la originalidad, puestos en pr\u00e1ctica mediante criterios espec\u00edficos anunciados en el sitio web de la AIA-CTS.<\/p>\n\n\n\n<p>3.3 Las decisiones del Jurado se tomar\u00e1n por mayor\u00eda.<\/p>\n\n\n\n<p>3.4. Las decisiones del Jurado son definitivas de las cuales no habr\u00e1 apelaci\u00f3n.<\/p>\n\n\n\n<p>3.5. El Jurado podr\u00e1 decidir no atribuir el premio o decidir su atribuci\u00f3n <b><i>ex<\/i><\/b><b><i> aequo<\/i><\/b> a dos trabajos.<\/p>\n\n\n\n<p><b>4<\/b><b>. Anuncio y entrega del Premio<\/b><b><\/b><\/p>\n\n\n\n<p>4.1. El premio es anunciado y entregado al vencedor en el Seminario Iberoamericano CTS siguiente a la fecha del concurso.<\/p>\n\n\n\n<p>4.2. En el caso de un a\u00f1o en que el Seminario no tiene lugar, el premio es anunciado en el sitio web de la AIA-CTS y es entregado el a\u00f1o siguiente.<\/p>\n\n\n\n<p>4.3. El\/Los premiado(s) y el\/los trabajo(s) vencedor(es) de los dos a\u00f1os anteriores se ponen a disposici\u00f3n del p\u00fablico en el Seminario Iberoamericano CTS siguiente , en el sitio web de la AIA-CTS y en los medios de comunicaci\u00f3n adecuados.<\/p>\n\n\n\n<p>4.4. A partir da edi\u00e7\u00e3o de 2020, inclusive, associado ao pr\u00e9mio de m\u00e9rito ser\u00e1 entregue compensa\u00e7\u00e3o monet\u00e1ria no valor de 500 euros a cada trabalho premiado.<\/p>\n\n\n\n<p><b>5<\/b><b>. Aclaraciones adicionales<\/b><\/p>\n\n\n\n<p>5.1. Las solicitudes de informaci\u00f3n o aclaraci\u00f3n adicionales pueden solicitarse a la direcci\u00f3n de la AIA-CTS.<\/p>\n\n\n\n<p><b>El<\/b><b> Jurado (2014)<\/b><\/p>\n\n\n\n<ul class=\"wp-block-list\">\n<li>Isabel P. Martins, Universidad de Aveiro &#8211; Portugal<\/li>\n\n\n\n<li>Andoni Garritz, Universidad Nacional Aut\u00f3noma de M\u00e9xico &#8211; M\u00e9xico<\/li>\n\n\n\n<li>Wildson Pereira dos Santos, Universidad de Brasilia &#8211; Brasil<\/li>\n\n\n\n<li>Nidia Rosa Tuay Sigua, Universidad Pedag\u00f3gica Nacional &#8211; Colombia<\/li>\n<\/ul>\n\n\n\n<p><strong>El Jurado (2016)<\/strong><\/p>\n\n\n\n<ul class=\"wp-block-list\">\n<li>Isabel P. Martins, Universidade de Aveiro \u2013 Portugal<\/li>\n\n\n\n<li>\u00c1ngel V\u00e1zquez Alonso, Universidad de las Islas Baleares \u2013 Espanha<\/li>\n\n\n\n<li>Agustina R. Echeverr\u00eda, Universidade Federal de Goi\u00e1s \u2013 Brasil<\/li>\n\n\n\n<li>Rosa Nidia Tuay Sigua, Universidade Pedag\u00f3gica Nacional \u2013 Col\u00f4mbia<\/li>\n<\/ul>\n\n\n\n<p><strong>El Jurado (2018)<\/strong><\/p>\n\n\n\n<ul class=\"wp-block-list\">\n<li>Isabel P. Martins, Universidade de Aveiro \u2013 Portugal<\/li>\n\n\n\n<li>\u00c1ngel V\u00e1zquez Alonso, Universidad de las Islas Baleares \u2013 Espanha<\/li>\n\n\n\n<li>Rosa Nidia Tuay Sigua, Universidade Pedag\u00f3gica Nacional \u2013 Col\u00f4mbia<\/li>\n\n\n\n<li>M. Arminda Pedrosa, Universidade de Coimbra \u2013 Portugal<\/li>\n\n\n\n<li>Mayra Garc\u00eda Ru\u00edz, Universidad Nacional Aut\u00f3noma do M\u00e9xico &#8211; M\u00e9xico<\/li>\n\n\n\n<li>\u00c1lvaro Chrispino, Universidade Federal do Rio de Janeiro &#8211; Brasil<\/li>\n<\/ul>\n\n\n\n<p><strong>El Jurado (2020)<\/strong><\/p>\n\n\n\n<ul class=\"wp-block-list\">\n<li>Isabel P. Martins (Presidente do J\u00fari), Universidade de Aveiro \u2013 Portugal<\/li>\n\n\n\n<li>Ana O\u00f1orbe, Instituto Ense\u00f1anza Secundaria Damaso Alonso \u2013 Espa\u00f1a<\/li>\n\n\n\n<li>\u00c1ngel V\u00e1zquez Alonso, Universidad de las Islas Baleares \u2013 Espa\u00f1a<\/li>\n\n\n\n<li>Aureli Caama\u00f1o, Col.legi Oficial de Doctors i Llicenciats en Filosofia i Lletres i en Ci\u00e8ncies de Catalunya \u2013 Espa\u00f1a<\/li>\n\n\n\n<li>Isabel Sofia Rebelo, Instituto Polit\u00e9cnico de Leiria &#8211; Portugal<\/li>\n\n\n\n<li>Jos\u00e9 Cant\u00f3, Universitat de Val\u00e8ncia &#8211; Espa\u00f1a<\/li>\n\n\n\n<li>Jos\u00e9 de Pinho Alves Filho, Universidade Federal de Santa Catarina &#8211; Brasil<\/li>\n\n\n\n<li>M. Arminda Pedrosa, Universidade de Coimbra \u2013 Portugal<\/li>\n\n\n\n<li>Maria Delourdes Maciel, Universidade Cruzeiro do Sul &#8211; Brasil<\/li>\n\n\n\n<li>Rosa Nidia Tuay Sigua, Universidad Pedag\u00f3gica Nacional \u2013 Colombia<\/li>\n\n\n\n<li>Saulo Hermosillo Marina, Universidad Nacional Aut\u00f3noma de M\u00e9xico &#8211; M\u00e9xico<\/li>\n\n\n\n<li>S\u00edlvia Porro, Universidad Nacional de Quilmes &#8211; Argentina<\/li>\n\n\n\n<li>Valter Cesar Montanher, Instituto Federal de Educa\u00e7\u00e3o, Ci\u00eancia e Tecnologia de S\u00e3o Paulo &#8211; Brasil<\/li>\n<\/ul>\n\n\n\n<p><strong>El Jurado (2022)<\/strong><\/p>\n\n\n\n<ul class=\"wp-block-list\">\n<li>Isabel P. Martins (Presidente do J\u00fari), Universidade de Aveiro \u2013 Portugal<\/li>\n\n\n\n<li>Rosa Nidia Tuay Sigua, Universidad Pedag\u00f3gica Nacional \u2013 Colombia<\/li>\n\n\n\n<li>\u00c1ngel V\u00e1zquez Alonso, Universidad de las Islas Baleares \u2013 Espa\u00f1a<\/li>\n\n\n\n<li>M. Arminda Pedrosa, Universidade de Coimbra \u2013 Portugal<\/li>\n\n\n\n<li>Valter Cesar Montanher, Instituto Federal de Educa\u00e7\u00e3o, Ci\u00eancia e Tecnologia de S\u00e3o Paulo \u2013 Brasil<\/li>\n\n\n\n<li>Carlos Os\u00f3rio,&nbsp;Universidad del Valle \u2013 Colombia<\/li>\n\n\n\n<li>M\u00f3nica Herrero, Universidade de Oviedo \u2013 Espa\u00f1a<\/li>\n\n\n\n<li>Isabel Sofia Rebelo, Instituto Polit\u00e9cnico de Leiria \u2013 Portugal<\/li>\n\n\n\n<li>Neusa Scheid, Universidade Regional Integrada do Alto Uruguai e das Miss\u00f5es \u2013 Brasil<\/li>\n\n\n\n<li>Saulo Hermosillo Marina, Universidad Nacional Aut\u00f3noma de M\u00e9xico \u2013 M\u00e9xico<\/li>\n<\/ul>\n\n\n\n<p><strong>El Jurado (2024)<\/strong><\/p>\n\n\n\n<ul class=\"wp-block-list\">\n<li>Isabel P. Martins (Presidente do J\u00fari), Universidade de Aveiro \u2013 Portugal<\/li>\n\n\n\n<li>Rosa Nidia Tuay Sigua, Universidad Pedag\u00f3gica Nacional \u2013 Colombia<\/li>\n\n\n\n<li>\u00c1ngel V\u00e1zquez Alonso, Universidad de las Islas Baleares \u2013 Espa\u00f1a<\/li>\n\n\n\n<li>Carla Morais, Universidade do Porto &#8211; Portugal<\/li>\n\n\n\n<li>Jorge Bonito, Universidade de \u00c9vora &#8211; Portugal<\/li>\n\n\n\n<li>M\u00f3nica Herrero, Universidade de Oviedo \u2013 Espa\u00f1a<\/li>\n\n\n\n<li>Isabel Sofia Rebelo, Instituto Polit\u00e9cnico de Leiria &#8211; Portugal<\/li>\n\n\n\n<li>Neusa Scheid, Universidade Regional Integrada do Alto Uruguai e das Miss\u00f5es &#8211; Brasil<\/li>\n\n\n\n<li>Saulo Hermosillo Marina, Universidade Nacional Aut\u00f3noma de M\u00e9xico \u2013 M\u00e9xico<\/li>\n\n\n\n<li>Blanca Puig, Universidade de Santiago de Compostela &#8211; Espa\u00f1a<\/li>\n\n\n\n<li>Aureli Caama\u00f1o, Sociedad Catalana de Qu\u00edmica &#8211; Espa\u00f1a<\/li>\n\n\n\n<li>Valter Cesar Montanher, Instituto Federal de Educa\u00e7\u00e3o, Ci\u00eancia e Tecnologia de S\u00e3o Paulo \u2013 Brasil<\/li>\n<\/ul>\n\n\n\n<p>5.2. Cada uno de estos evaluadores podr\u00e1 solicitar el apoyo de otros expertos para analizar los trabajos o parte de los mismos, de acuerdo con las \u00e1reas espec\u00edficas.<\/p>\n\n\n\n<p>5.3. El jurado definir\u00e1 la metodolog\u00eda de trabajo a seguir, plazos y formas de presentaci\u00f3n de los resultados de la evaluaci\u00f3n.<\/p>\n\n\n\n<p><strong>Criterios de evaluaci\u00f3n de la calidad cient\u00edfica y la originalidad de las Tesis y Disertaciones:<\/strong><\/p>\n\n\n\n<p>1. Avances \/ apoyos a la Educaci\u00f3n CTS en la Ense\u00f1anza de las Ciencias<\/p>\n\n\n\n<p>2. Originalidad del tema<\/p>\n\n\n\n<p>3. Impacto en la comunidad cient\u00edfica: la difusi\u00f3n \/ publicaciones resultantes del estudio<\/p>\n\n\n\n<p>4. Calidad de la Organizaci\u00f3n General y estilo de la escritura.<\/p>\n\n\n\n<p><a href=\"http:\/\/aia-cts.web.ua.pt\/?page_id=85&amp;lang=es\" target=\"_blank\" rel=\"noopener noreferrer\">Formulario de Candidatura al Premio CTS<\/a><\/p>\n\n\n\n<p><a href=\"http:\/\/aia-cts.web.ua.pt\/wp-content\/uploads\/2026\/03\/PremioAIA_CTS_25abril.pdf\" data-type=\"link\" data-id=\"http:\/\/aia-cts.web.ua.pt\/wp-content\/uploads\/2026\/03\/PremioAIA_CTS_25abril.pdf\" target=\"_blank\" rel=\"noreferrer noopener\">Pr\u00e9mio AIA-CTS<\/a><\/p>\n","protected":false},"excerpt":{"rendered":"<p>Asociaci\u00f3nIberoamericana CTS en la Educaci\u00f3n en Ciencias Formulario de Candidatura al Premio CTS Premio AIA-CTS &#8211; Tesis de Doctorado o Tesis de M\u00e1ster La atribuci\u00f3n del Premio AIA-CTS tiene por objetivo distinguir la mejor Tesis de doctorado o Disertaci\u00f3n de&hellip; <\/p>\n","protected":false},"author":1,"featured_media":0,"parent":0,"menu_order":10,"comment_status":"open","ping_status":"closed","template":"","meta":{"footnotes":""},"class_list":["post-8659","page","type-page","status-publish","hentry"],"_links":{"self":[{"href":"https:\/\/aia-cts.web.ua.pt\/index.php?rest_route=\/wp\/v2\/pages\/8659","targetHints":{"allow":["GET"]}}],"collection":[{"href":"https:\/\/aia-cts.web.ua.pt\/index.php?rest_route=\/wp\/v2\/pages"}],"about":[{"href":"https:\/\/aia-cts.web.ua.pt\/index.php?rest_route=\/wp\/v2\/types\/page"}],"author":[{"embeddable":true,"href":"https:\/\/aia-cts.web.ua.pt\/index.php?rest_route=\/wp\/v2\/users\/1"}],"replies":[{"embeddable":true,"href":"https:\/\/aia-cts.web.ua.pt\/index.php?rest_route=%2Fwp%2Fv2%2Fcomments&post=8659"}],"version-history":[{"count":2,"href":"https:\/\/aia-cts.web.ua.pt\/index.php?rest_route=\/wp\/v2\/pages\/8659\/revisions"}],"predecessor-version":[{"id":8698,"href":"https:\/\/aia-cts.web.ua.pt\/index.php?rest_route=\/wp\/v2\/pages\/8659\/revisions\/8698"}],"wp:attachment":[{"href":"https:\/\/aia-cts.web.ua.pt\/index.php?rest_route=%2Fwp%2Fv2%2Fmedia&parent=8659"}],"curies":[{"name":"wp","href":"https:\/\/api.w.org\/{rel}","templated":true}]}}